{"id":4924,"date":"2025-05-21T07:35:17","date_gmt":"2025-05-21T07:35:17","guid":{"rendered":"https:\/\/leaders4future.eu\/?page_id=4924"},"modified":"2025-08-26T07:37:26","modified_gmt":"2025-08-26T07:37:26","slug":"nas-projekt","status":"publish","type":"page","link":"https:\/\/leaders4future.eu\/bs\/nas-projekt\/","title":{"rendered":"NA\u0160 PROJEKT"},"content":{"rendered":"\t\t<div data-elementor-type=\"wp-page\" data-elementor-id=\"4924\" class=\"elementor elementor-4924 elementor-58\" data-elementor-post-type=\"page\">\n\t\t\t\t<div class=\"elementor-element elementor-element-4654e76 e-grid e-con-boxed e-con e-parent\" data-id=\"4654e76\" data-element_type=\"container\" data-e-type=\"container\" id=\"container\" data-settings=\"{&quot;jet_parallax_layout_list&quot;:[],&quot;background_background&quot;:&quot;classic&quot;}\">\n\t\t\t\t\t<div class=\"e-con-inner\">\n\t\t<div class=\"elementor-element elementor-element-c072852 e-con-full e-transform e-flex elementor-invisible e-con e-child\" data-id=\"c072852\" data-element_type=\"container\" data-e-type=\"container\" id=\"c1\" data-settings=\"{&quot;jet_parallax_layout_list&quot;:[],&quot;animation&quot;:&quot;fadeIn&quot;,&quot;background_background&quot;:&quot;classic&quot;,&quot;_transform_scale_effect_hover&quot;:{&quot;unit&quot;:&quot;px&quot;,&quot;size&quot;:1.02,&quot;sizes&quot;:[]},&quot;_transform_scale_effect_hover_tablet&quot;:{&quot;unit&quot;:&quot;px&quot;,&quot;size&quot;:&quot;&quot;,&quot;sizes&quot;:[]},&quot;_transform_scale_effect_hover_mobile&quot;:{&quot;unit&quot;:&quot;px&quot;,&quot;size&quot;:&quot;&quot;,&quot;sizes&quot;:[]}}\">\n\t\t\t\t<div class=\"elementor-element elementor-element-a655723 elementor-widget elementor-widget-heading\" data-id=\"a655723\" data-element_type=\"widget\" data-e-type=\"widget\" data-widget_type=\"heading.default\">\n\t\t\t\t<div class=\"elementor-widget-container\">\n\t\t\t\t\t<h2 class=\"elementor-heading-title elementor-size-default\">Osna\u017eivanje mladih \u017eena. Stvaranje uklju\u010divih zajednica.<\/h2>\t\t\t\t<\/div>\n\t\t\t\t<\/div>\n\t\t\t\t<div class=\"elementor-element elementor-element-84f4e9c elementor-widget elementor-widget-text-editor\" data-id=\"84f4e9c\" data-element_type=\"widget\" data-e-type=\"widget\" data-widget_type=\"text-editor.default\">\n\t\t\t\t<div class=\"elementor-widget-container\">\n\t\t\t\t\t\t\t\t\t<p><strong>Leaders for Future<\/strong> je transnacionalna inicijativa koju sufinancira Europska Unija putem programa Erasmus+. Projekt odgovara na dva prioritetna izazova s kojima se mladi ljudi danas suo\u010davaju: ograni\u010den pristup kvalitetnom zapo\u0161ljavanju i nedovoljna zastupljenost mladih u demokratskim procesima. Posebna se pozornost posve\u0107uje mladim \u017eenama i onima iz nepovoljnih uvjeta ili marginaliziranih zajednica diljem Europe, zapadnog Balkana i susjednih regija.<\/p>\t\t\t\t\t\t\t\t<\/div>\n\t\t\t\t<\/div>\n\t\t\t\t<\/div>\n\t\t<div class=\"elementor-element elementor-element-9eadceb e-con-full e-transform e-flex elementor-invisible e-con e-child\" data-id=\"9eadceb\" data-element_type=\"container\" data-e-type=\"container\" id=\"c2\" data-settings=\"{&quot;jet_parallax_layout_list&quot;:[],&quot;background_background&quot;:&quot;classic&quot;,&quot;animation&quot;:&quot;fadeIn&quot;,&quot;_transform_scale_effect_hover&quot;:{&quot;unit&quot;:&quot;px&quot;,&quot;size&quot;:1.02,&quot;sizes&quot;:[]},&quot;animation_delay&quot;:100,&quot;_transform_scale_effect_hover_tablet&quot;:{&quot;unit&quot;:&quot;px&quot;,&quot;size&quot;:&quot;&quot;,&quot;sizes&quot;:[]},&quot;_transform_scale_effect_hover_mobile&quot;:{&quot;unit&quot;:&quot;px&quot;,&quot;size&quot;:&quot;&quot;,&quot;sizes&quot;:[]}}\">\n\t\t\t\t<div class=\"elementor-element elementor-element-5960d0e elementor-widget elementor-widget-heading\" data-id=\"5960d0e\" data-element_type=\"widget\" data-e-type=\"widget\" data-widget_type=\"heading.default\">\n\t\t\t\t<div class=\"elementor-widget-container\">\n\t\t\t\t\t<h2 class=\"elementor-heading-title elementor-size-default\">Za\u0161to Leaders for Future?<\/h2>\t\t\t\t<\/div>\n\t\t\t\t<\/div>\n\t\t\t\t<div class=\"elementor-element elementor-element-6b6a195 elementor-widget elementor-widget-text-editor\" data-id=\"6b6a195\" data-element_type=\"widget\" data-e-type=\"widget\" data-widget_type=\"text-editor.default\">\n\t\t\t\t<div class=\"elementor-widget-container\">\n\t\t\t\t\t\t\t\t\t<p>Nezaposlenost mladih i rodna neravnopravnost ostaju strukturni problemi koji ograni\u010davaju osobni i profesionalni razvoj tisu\u0107a mladih \u017eena. Program <strong>Leaders for Future<\/strong> nastoji sru\u0161iti te barijere promicanjem rodne ravnopravnosti, socijalne uklju\u010denosti i promicanjem ljudskih prava, istovremeno osna\u017eivaju\u0107i mlade \u017eene vje\u0161tinama, umre\u017eavanjem i samopouzdanjem potrebnim za uspjeh.<\/p>\t\t\t\t\t\t\t\t<\/div>\n\t\t\t\t<\/div>\n\t\t\t\t<\/div>\n\t\t<div class=\"elementor-element elementor-element-6b46f5e e-con-full e-transform e-flex elementor-invisible e-con e-child\" data-id=\"6b46f5e\" data-element_type=\"container\" data-e-type=\"container\" id=\"c3\" data-settings=\"{&quot;jet_parallax_layout_list&quot;:[],&quot;animation&quot;:&quot;fadeIn&quot;,&quot;background_background&quot;:&quot;classic&quot;,&quot;_transform_scale_effect_hover&quot;:{&quot;unit&quot;:&quot;px&quot;,&quot;size&quot;:1.02,&quot;sizes&quot;:[]},&quot;animation_delay&quot;:200,&quot;_transform_scale_effect_hover_tablet&quot;:{&quot;unit&quot;:&quot;px&quot;,&quot;size&quot;:&quot;&quot;,&quot;sizes&quot;:[]},&quot;_transform_scale_effect_hover_mobile&quot;:{&quot;unit&quot;:&quot;px&quot;,&quot;size&quot;:&quot;&quot;,&quot;sizes&quot;:[]}}\">\n\t\t\t\t<div class=\"elementor-element elementor-element-7c2348d animated-fast text elementor-widget elementor-widget-heading\" data-id=\"7c2348d\" data-element_type=\"widget\" data-e-type=\"widget\" data-settings=\"{&quot;_animation&quot;:&quot;none&quot;}\" data-widget_type=\"heading.default\">\n\t\t\t\t<div class=\"elementor-widget-container\">\n\t\t\t\t\t<h2 class=\"elementor-heading-title elementor-size-default\">Na\u0161 pristup<\/h2>\t\t\t\t<\/div>\n\t\t\t\t<\/div>\n\t\t<div class=\"elementor-element elementor-element-d0c8dd8 e-con-full animated-fast e-flex e-con e-child\" data-id=\"d0c8dd8\" data-element_type=\"container\" data-e-type=\"container\" data-settings=\"{&quot;jet_parallax_layout_list&quot;:[],&quot;animation&quot;:&quot;none&quot;,&quot;animation_delay&quot;:800}\">\n\t\t\t\t<div class=\"elementor-element elementor-element-ff3806a elementor-widget elementor-widget-heading\" data-id=\"ff3806a\" data-element_type=\"widget\" data-e-type=\"widget\" data-widget_type=\"heading.default\">\n\t\t\t\t<div class=\"elementor-widget-container\">\n\t\t\t\t\t<h2 class=\"elementor-heading-title elementor-size-default\">1. Ja\u010danje kapaciteta<\/h2>\t\t\t\t<\/div>\n\t\t\t\t<\/div>\n\t\t\t\t<div class=\"elementor-element elementor-element-8bc2194 elementor-widget elementor-widget-text-editor\" data-id=\"8bc2194\" data-element_type=\"widget\" data-e-type=\"widget\" data-widget_type=\"text-editor.default\">\n\t\t\t\t<div class=\"elementor-widget-container\">\n\t\t\t\t\t\t\t\t\t<p>Osposobljavamo mlade radnike da postanu mentori, podr\u017eavaju\u0107i mlade \u017eene u razvoju poduzetni\u010dkih vje\u0161tina, liderstva i aktivnog gra\u0111anstva.<\/p>\t\t\t\t\t\t\t\t<\/div>\n\t\t\t\t<\/div>\n\t\t\t\t<\/div>\n\t\t<div class=\"elementor-element elementor-element-33a59a8 e-con-full animated-fast e-flex e-con e-child\" data-id=\"33a59a8\" data-element_type=\"container\" data-e-type=\"container\" data-settings=\"{&quot;jet_parallax_layout_list&quot;:[],&quot;animation&quot;:&quot;none&quot;,&quot;animation_delay&quot;:800}\">\n\t\t\t\t<div class=\"elementor-element elementor-element-9b3c384 elementor-widget elementor-widget-heading\" data-id=\"9b3c384\" data-element_type=\"widget\" data-e-type=\"widget\" data-widget_type=\"heading.default\">\n\t\t\t\t<div class=\"elementor-widget-container\">\n\t\t\t\t\t<h2 class=\"elementor-heading-title elementor-size-default\">2. Centri podr\u0161ke<\/h2>\t\t\t\t<\/div>\n\t\t\t\t<\/div>\n\t\t\t\t<div class=\"elementor-element elementor-element-7a8b41a elementor-widget elementor-widget-text-editor\" data-id=\"7a8b41a\" data-element_type=\"widget\" data-e-type=\"widget\" data-widget_type=\"text-editor.default\">\n\t\t\t\t<div class=\"elementor-widget-container\">\n\t\t\t\t\t\t\t\t\t<p>Osnivamo lokalne to\u010dke podr\u0161ke gdje mlade \u017eene mogu pristupiti smjernicama, prilago\u0111enim radionicama i umre\u017eavanju kako bismo im pomogli u stvaranju vlastitih poslovnih ili dru\u0161tvenih inicijativa.<\/p>\t\t\t\t\t\t\t\t<\/div>\n\t\t\t\t<\/div>\n\t\t\t\t<\/div>\n\t\t<div class=\"elementor-element elementor-element-c20a784 e-con-full animated-fast e-flex e-con e-child\" data-id=\"c20a784\" data-element_type=\"container\" data-e-type=\"container\" data-settings=\"{&quot;jet_parallax_layout_list&quot;:[],&quot;animation&quot;:&quot;none&quot;,&quot;animation_delay&quot;:800}\">\n\t\t\t\t<div class=\"elementor-element elementor-element-abd1882 elementor-widget elementor-widget-heading\" data-id=\"abd1882\" data-element_type=\"widget\" data-e-type=\"widget\" data-widget_type=\"heading.default\">\n\t\t\t\t<div class=\"elementor-widget-container\">\n\t\t\t\t\t<h2 class=\"elementor-heading-title elementor-size-default\">3. Svijest i zagovaranje<\/h2>\t\t\t\t<\/div>\n\t\t\t\t<\/div>\n\t\t\t\t<div class=\"elementor-element elementor-element-0bf640c elementor-widget elementor-widget-text-editor\" data-id=\"0bf640c\" data-element_type=\"widget\" data-e-type=\"widget\" data-widget_type=\"text-editor.default\">\n\t\t\t\t<div class=\"elementor-widget-container\">\n\t\t\t\t\t\t\t\t\t<p>Kroz javne kampanje i anga\u017eman zajednice promi\u010demo rodnu ravnopravnost, osporavamo stereotipe i podi\u017eemo svijest o va\u017enosti \u017eenskog vodstva.<\/p>\t\t\t\t\t\t\t\t<\/div>\n\t\t\t\t<\/div>\n\t\t\t\t<\/div>\n\t\t<div class=\"elementor-element elementor-element-474cc5c e-con-full animated-fast e-flex e-con e-child\" data-id=\"474cc5c\" data-element_type=\"container\" data-e-type=\"container\" data-settings=\"{&quot;jet_parallax_layout_list&quot;:[],&quot;animation&quot;:&quot;none&quot;,&quot;animation_delay&quot;:800}\">\n\t\t\t\t<div class=\"elementor-element elementor-element-dd71b32 elementor-widget elementor-widget-heading\" data-id=\"dd71b32\" data-element_type=\"widget\" data-e-type=\"widget\" data-widget_type=\"heading.default\">\n\t\t\t\t<div class=\"elementor-widget-container\">\n\t\t\t\t\t<h2 class=\"elementor-heading-title elementor-size-default\">4. Prilike i prepoznatljivost<\/h2>\t\t\t\t<\/div>\n\t\t\t\t<\/div>\n\t\t\t\t<div class=\"elementor-element elementor-element-762431d elementor-widget elementor-widget-text-editor\" data-id=\"762431d\" data-element_type=\"widget\" data-e-type=\"widget\" data-widget_type=\"text-editor.default\">\n\t\t\t\t<div class=\"elementor-widget-container\">\n\t\t\t\t\t\t\t\t\t<p>Organiziramo nacionalna i me\u0111unarodna natjecanja kako bismo predstavili inovativne poslovne ideje mladih \u017eena, nude\u0107i im vidljivost, financiranje i mogu\u0107nosti umre\u017eavanja.<\/p>\t\t\t\t\t\t\t\t<\/div>\n\t\t\t\t<\/div>\n\t\t\t\t<\/div>\n\t\t\t\t<\/div>\n\t\t<div class=\"elementor-element elementor-element-b59cb2c e-con-full e-transform e-flex elementor-invisible e-con e-child\" data-id=\"b59cb2c\" data-element_type=\"container\" data-e-type=\"container\" id=\"c4\" data-settings=\"{&quot;jet_parallax_layout_list&quot;:[],&quot;background_background&quot;:&quot;classic&quot;,&quot;animation&quot;:&quot;fadeIn&quot;,&quot;_transform_scale_effect_hover&quot;:{&quot;unit&quot;:&quot;px&quot;,&quot;size&quot;:1.02,&quot;sizes&quot;:[]},&quot;animation_delay&quot;:300,&quot;_transform_scale_effect_hover_tablet&quot;:{&quot;unit&quot;:&quot;px&quot;,&quot;size&quot;:&quot;&quot;,&quot;sizes&quot;:[]},&quot;_transform_scale_effect_hover_mobile&quot;:{&quot;unit&quot;:&quot;px&quot;,&quot;size&quot;:&quot;&quot;,&quot;sizes&quot;:[]}}\">\n\t\t\t\t<div class=\"elementor-element elementor-element-5caa082 elementor-widget elementor-widget-heading\" data-id=\"5caa082\" data-element_type=\"widget\" data-e-type=\"widget\" data-widget_type=\"heading.default\">\n\t\t\t\t<div class=\"elementor-widget-container\">\n\t\t\t\t\t<h2 class=\"elementor-heading-title elementor-size-default\">Na\u0161a vizija<\/h2>\t\t\t\t<\/div>\n\t\t\t\t<\/div>\n\t\t\t\t<div class=\"elementor-element elementor-element-e27eaa1 elementor-widget elementor-widget-text-editor\" data-id=\"e27eaa1\" data-element_type=\"widget\" data-e-type=\"widget\" data-widget_type=\"text-editor.default\">\n\t\t\t\t<div class=\"elementor-widget-container\">\n\t\t\t\t\t\t\t\t\t<p>Vjerujemo u Europu u kojoj mlade \u017eene predvode promjene, stvaraju prilike i aktivno doprinose razvoju uklju\u010divog i demokratskog dru\u0161tva. Ja\u010danjem organizacija mladih, poticanjem prekograni\u010dne suradnje i osna\u017eivanjem mladih lidera, program <strong>Leaders for Future<\/strong> doprinosi postizanju Ciljeva Odr\u017eivog Razvoja i izgradnji pravednijih i otpornijih zajednica.<\/p>\t\t\t\t\t\t\t\t<\/div>\n\t\t\t\t<\/div>\n\t\t\t\t<\/div>\n\t\t<div class=\"elementor-element elementor-element-9fde808 e-con-full e-transform e-flex elementor-invisible e-con e-child\" data-id=\"9fde808\" data-element_type=\"container\" data-e-type=\"container\" id=\"c5\" data-settings=\"{&quot;jet_parallax_layout_list&quot;:[],&quot;animation&quot;:&quot;fadeIn&quot;,&quot;background_background&quot;:&quot;classic&quot;,&quot;_transform_scale_effect_hover&quot;:{&quot;unit&quot;:&quot;px&quot;,&quot;size&quot;:1.02,&quot;sizes&quot;:[]},&quot;animation_delay&quot;:400,&quot;_transform_scale_effect_hover_tablet&quot;:{&quot;unit&quot;:&quot;px&quot;,&quot;size&quot;:&quot;&quot;,&quot;sizes&quot;:[]},&quot;_transform_scale_effect_hover_mobile&quot;:{&quot;unit&quot;:&quot;px&quot;,&quot;size&quot;:&quot;&quot;,&quot;sizes&quot;:[]}}\">\n\t\t\t\t<div class=\"elementor-element elementor-element-97c7a35 animated-fast elementor-widget elementor-widget-heading\" data-id=\"97c7a35\" data-element_type=\"widget\" data-e-type=\"widget\" data-settings=\"{&quot;_animation&quot;:&quot;none&quot;}\" data-widget_type=\"heading.default\">\n\t\t\t\t<div class=\"elementor-widget-container\">\n\t\t\t\t\t<h2 class=\"elementor-heading-title elementor-size-default\">CILJEVI<\/h2>\t\t\t\t<\/div>\n\t\t\t\t<\/div>\n\t\t\t\t<div class=\"elementor-element elementor-element-06edba1 elementor-widget elementor-widget-text-editor\" data-id=\"06edba1\" data-element_type=\"widget\" data-e-type=\"widget\" data-widget_type=\"text-editor.default\">\n\t\t\t\t<div class=\"elementor-widget-container\">\n\t\t\t\t\t\t\t\t\t<p>Projekt <em>Leaders for future<\/em> ima za cilj osna\u017eiti organizacije mladih i mlade \u017eene kroz sljede\u0107e ciljeve:<\/p><ul><li style=\"font-weight: 400;\" aria-level=\"1\"><strong>Ja\u010dati kapacitete organizacija mladih<\/strong> koje rade s mladima van formalnog obrazovanja specijaliziranim obukama, alatima i metodama za uspostavljanje to\u010daka podr\u0161ke koje motiviraju i poma\u017eu mladim \u017eenama u njihovoj dru\u0161tvenoj i profesionalnoj integraciji.<\/li><li style=\"font-weight: 400;\" aria-level=\"1\"><strong>Promicati neformalno obrazovanje i cjelo\u017eivotno u\u010denje<\/strong> za mlade \u017eene, poti\u010du\u0107i poduzetni\u010dki na\u010din razmi\u0161ljanja i pripremaju\u0107i ih za aktivno sudjelovanje u dru\u0161tvu i na tr\u017ei\u0161tu rada.<\/li><li style=\"font-weight: 400;\" aria-level=\"1\"><strong>Izgraditi kapacitete za promicanje promjena i vodstvo<\/strong>, podr\u017eavaju\u0107i mlade lidere u usponu &#8211; posebno \u017eene &#8211; kako bi uklju\u010dili vi\u0161e gra\u0111ana u inicijative odr\u017eivog razvoja na lokalnoj i globalnoj razini.<\/li><li style=\"font-weight: 400;\" aria-level=\"1\"><strong>Prepoznati i odgovoriti na psiholo\u0161ke prepreke i prepreke sa vje\u0161tinama<\/strong> s kojima se suo\u010davaju mlade \u017eene u pristupu poduzetni\u010dkim i liderskim prilikama, razvijaju\u0107i prilago\u0111ene strategije za njihovo prevladavanje.<\/li><li style=\"font-weight: 400;\" aria-level=\"1\"><strong>Promicati aktivno gra\u0111anstvo, sudjelovanje mladih i poduzetni\u0161tvo mladih<\/strong>, uklju\u010duju\u0107i dru\u0161tveno poduzetni\u0161tvo, stvaranjem uklju\u010divih okru\u017eenja i inicijativa koje poti\u010du mlade \u017eene da preuzmu inicijativu i vode projekte usmjerene na promicanje zajednice.<\/li><li style=\"font-weight: 400;\" aria-level=\"1\"><strong>Poticati me\u0111unarodnu suradnju<\/strong> izme\u0111u organizacija mladih diljem Europe, zapadnog Balkana i drugih regija, ja\u010daju\u0107i mre\u017ee, dijele\u0107i dobre prakse i pokre\u0107u\u0107i zajedni\u010dke inicijative koje promi\u010du rodnu ravnopravnost i odr\u017eivi razvoj.<\/li><li style=\"font-weight: 400;\" aria-level=\"1\"><strong>Pove\u0107ati zapo\u0161ljivost i poduzetni\u010dki potencijal mladih \u017eena<\/strong>, posebno onih iz nepovoljnih sredina, pru\u017eanjem ciljane podr\u0161ke, mentorstva i aktivnosti izgradnje kapaciteta.<\/li><\/ul>\t\t\t\t\t\t\t\t<\/div>\n\t\t\t\t<\/div>\n\t\t\t\t<\/div>\n\t\t<div class=\"elementor-element elementor-element-e37c064 e-con-full e-transform e-flex elementor-invisible e-con e-child\" data-id=\"e37c064\" data-element_type=\"container\" data-e-type=\"container\" id=\"c6\" data-settings=\"{&quot;jet_parallax_layout_list&quot;:[],&quot;animation&quot;:&quot;fadeIn&quot;,&quot;background_background&quot;:&quot;classic&quot;,&quot;_transform_scale_effect_hover&quot;:{&quot;unit&quot;:&quot;px&quot;,&quot;size&quot;:1.02,&quot;sizes&quot;:[]},&quot;animation_delay&quot;:400,&quot;_transform_scale_effect_hover_tablet&quot;:{&quot;unit&quot;:&quot;px&quot;,&quot;size&quot;:&quot;&quot;,&quot;sizes&quot;:[]},&quot;_transform_scale_effect_hover_mobile&quot;:{&quot;unit&quot;:&quot;px&quot;,&quot;size&quot;:&quot;&quot;,&quot;sizes&quot;:[]}}\">\n\t\t\t\t<div class=\"elementor-element elementor-element-21df237 animated-fast elementor-widget elementor-widget-heading\" data-id=\"21df237\" data-element_type=\"widget\" data-e-type=\"widget\" data-settings=\"{&quot;_animation&quot;:&quot;none&quot;}\" data-widget_type=\"heading.default\">\n\t\t\t\t<div class=\"elementor-widget-container\">\n\t\t\t\t\t<h2 class=\"elementor-heading-title elementor-size-default\">Sudjeluj i ti<\/h2>\t\t\t\t<\/div>\n\t\t\t\t<\/div>\n\t\t\t\t<div class=\"elementor-element elementor-element-f0126e6 animated-fast elementor-widget elementor-widget-text-editor\" data-id=\"f0126e6\" data-element_type=\"widget\" data-e-type=\"widget\" data-settings=\"{&quot;_animation&quot;:&quot;none&quot;,&quot;_animation_delay&quot;:200}\" data-widget_type=\"text-editor.default\">\n\t\t\t\t<div class=\"elementor-widget-container\">\n\t\t\t\t\t\t\t\t\t<ul><li>Jesi li mlada \u017eena koja \u017eeli uzeti budu\u0107nost u svoje ruke?<\/li><li>Jesi li mlada zaposlena osoba koja je odlu\u010dna \u010diniti razliku?<\/li><li>Jesi li dio organizacije koja je strastvena u borbi za uklju\u010divost i rodnu ravnopravnost?<\/li><\/ul><p>Pridru\u017eite se projektu <strong>Leaders for Future<\/strong> kako biste pristupili resursima, obuci, doga\u0111ajima i Europskoj Mre\u017ei koja radi na promjenama.<\/p>\t\t\t\t\t\t\t\t<\/div>\n\t\t\t\t<\/div>\n\t\t\t\t<\/div>\n\t\t<div class=\"elementor-element elementor-element-61c7f00 e-con-full e-transform e-flex elementor-invisible e-con e-child\" data-id=\"61c7f00\" data-element_type=\"container\" data-e-type=\"container\" id=\"c7\" data-settings=\"{&quot;jet_parallax_layout_list&quot;:[],&quot;animation&quot;:&quot;fadeIn&quot;,&quot;background_background&quot;:&quot;classic&quot;,&quot;_transform_scale_effect_hover&quot;:{&quot;unit&quot;:&quot;px&quot;,&quot;size&quot;:1.02,&quot;sizes&quot;:[]},&quot;animation_delay&quot;:500,&quot;_transform_scale_effect_hover_tablet&quot;:{&quot;unit&quot;:&quot;px&quot;,&quot;size&quot;:&quot;&quot;,&quot;sizes&quot;:[]},&quot;_transform_scale_effect_hover_mobile&quot;:{&quot;unit&quot;:&quot;px&quot;,&quot;size&quot;:&quot;&quot;,&quot;sizes&quot;:[]}}\">\n\t\t\t\t<div class=\"elementor-element elementor-element-2625f49 animated-fast elementor-widget elementor-widget-heading\" data-id=\"2625f49\" data-element_type=\"widget\" data-e-type=\"widget\" data-settings=\"{&quot;_animation&quot;:&quot;none&quot;}\" data-widget_type=\"heading.default\">\n\t\t\t\t<div class=\"elementor-widget-container\">\n\t\t\t\t\t<h2 class=\"elementor-heading-title elementor-size-default\">Ciljne skupine<\/h2>\t\t\t\t<\/div>\n\t\t\t\t<\/div>\n\t\t\t\t<div class=\"elementor-element elementor-element-86645b8 elementor-widget__width-inherit elementor-widget elementor-widget-eael-adv-accordion\" data-id=\"86645b8\" data-element_type=\"widget\" data-e-type=\"widget\" data-widget_type=\"eael-adv-accordion.default\">\n\t\t\t\t<div class=\"elementor-widget-container\">\n\t\t\t\t\t            <div class=\"eael-adv-accordion\" id=\"eael-adv-accordion-86645b8\" data-scroll-on-click=\"\" data-scroll-speed=\"300\" data-accordion-id=\"86645b8\" data-accordion-type=\"accordion\" data-toogle-speed=\"300\">\n            <div class=\"eael-accordion-list\">\n\t\t\t\t\t<div id=\"primarna-ciljna-skupina\" class=\"elementor-tab-title eael-accordion-header\" tabindex=\"0\" data-tab=\"1\" aria-controls=\"elementor-tab-content-1401\"><span class=\"eael-advanced-accordion-icon-closed\"><svg aria-hidden=\"true\" class=\"fa-accordion-icon e-font-icon-svg e-fas-plus\" viewBox=\"0 0 448 512\" xmlns=\"http:\/\/www.w3.org\/2000\/svg\"><path d=\"M416 208H272V64c0-17.67-14.33-32-32-32h-32c-17.67 0-32 14.33-32 32v144H32c-17.67 0-32 14.33-32 32v32c0 17.67 14.33 32 32 32h144v144c0 17.67 14.33 32 32 32h32c17.67 0 32-14.33 32-32V304h144c17.67 0 32-14.33 32-32v-32c0-17.67-14.33-32-32-32z\"><\/path><\/svg><\/span><span class=\"eael-advanced-accordion-icon-opened\"><svg aria-hidden=\"true\" class=\"fa-accordion-icon e-font-icon-svg e-fas-minus\" viewBox=\"0 0 448 512\" xmlns=\"http:\/\/www.w3.org\/2000\/svg\"><path d=\"M416 208H32c-17.67 0-32 14.33-32 32v32c0 17.67 14.33 32 32 32h384c17.67 0 32-14.33 32-32v-32c0-17.67-14.33-32-32-32z\"><\/path><\/svg><\/span><span class=\"eael-accordion-tab-title\">Primarna ciljna skupina:<\/span><svg aria-hidden=\"true\" class=\"fa-toggle e-font-icon-svg e-fas-angle-right\" viewBox=\"0 0 256 512\" xmlns=\"http:\/\/www.w3.org\/2000\/svg\"><path d=\"M224.3 273l-136 136c-9.4 9.4-24.6 9.4-33.9 0l-22.6-22.6c-9.4-9.4-9.4-24.6 0-33.9l96.4-96.4-96.4-96.4c-9.4-9.4-9.4-24.6 0-33.9L54.3 103c9.4-9.4 24.6-9.4 33.9 0l136 136c9.5 9.4 9.5 24.6.1 34z\"><\/path><\/svg><\/div><div id=\"elementor-tab-content-1401\" class=\"eael-accordion-content clearfix\" data-tab=\"1\" aria-labelledby=\"primarna-ciljna-skupina\"><ul><li><strong>Mlade \u017eene (u dobi od 18 do 30 godina)<\/strong>, posebno iz migrantskih obitelji, nezaposlene ili one koje \u017eele pobolj\u0161ati svoje radne uvjete, \u017eene s manje mogu\u0107nosti i one koje dolaze iz nepovoljnih okru\u017eenja.<\/li><li style=\"font-weight: 400\"><strong>Mladi radnici, socijalni radnici, treneri i edukatori<\/strong> koji rade izravno s mladima u partnerskim zajednicama i kojima su potrebni alati i osposobljavanje za podr\u0161ku mladim poduzetnicama.<\/li><\/ul><\/div>\n\t\t\t\t\t<\/div><div class=\"eael-accordion-list\">\n\t\t\t\t\t<div id=\"sekundarna-ciljna-skupina\" class=\"elementor-tab-title eael-accordion-header\" tabindex=\"0\" data-tab=\"2\" aria-controls=\"elementor-tab-content-1402\"><span class=\"eael-advanced-accordion-icon-closed\"><svg aria-hidden=\"true\" class=\"fa-accordion-icon e-font-icon-svg e-fas-plus\" viewBox=\"0 0 448 512\" xmlns=\"http:\/\/www.w3.org\/2000\/svg\"><path d=\"M416 208H272V64c0-17.67-14.33-32-32-32h-32c-17.67 0-32 14.33-32 32v144H32c-17.67 0-32 14.33-32 32v32c0 17.67 14.33 32 32 32h144v144c0 17.67 14.33 32 32 32h32c17.67 0 32-14.33 32-32V304h144c17.67 0 32-14.33 32-32v-32c0-17.67-14.33-32-32-32z\"><\/path><\/svg><\/span><span class=\"eael-advanced-accordion-icon-opened\"><svg aria-hidden=\"true\" class=\"fa-accordion-icon e-font-icon-svg e-fas-minus\" viewBox=\"0 0 448 512\" xmlns=\"http:\/\/www.w3.org\/2000\/svg\"><path d=\"M416 208H32c-17.67 0-32 14.33-32 32v32c0 17.67 14.33 32 32 32h384c17.67 0 32-14.33 32-32v-32c0-17.67-14.33-32-32-32z\"><\/path><\/svg><\/span><span class=\"eael-accordion-tab-title\">Sekundarna ciljna skupina:<\/span><svg aria-hidden=\"true\" class=\"fa-toggle e-font-icon-svg e-fas-angle-right\" viewBox=\"0 0 256 512\" xmlns=\"http:\/\/www.w3.org\/2000\/svg\"><path d=\"M224.3 273l-136 136c-9.4 9.4-24.6 9.4-33.9 0l-22.6-22.6c-9.4-9.4-9.4-24.6 0-33.9l96.4-96.4-96.4-96.4c-9.4-9.4-9.4-24.6 0-33.9L54.3 103c9.4-9.4 24.6-9.4 33.9 0l136 136c9.5 9.4 9.5 24.6.1 34z\"><\/path><\/svg><\/div><div id=\"elementor-tab-content-1402\" class=\"eael-accordion-content clearfix\" data-tab=\"2\" aria-labelledby=\"sekundarna-ciljna-skupina\"><ul><li style=\"font-weight: 400\"><strong>Dionici civilnog dru\u0161tva<\/strong>, uklju\u010duju\u0107i udruge koje rade sa \u017eenama ili mladima, u\u010ditelje i edukatore za obrazovanje odraslih te javne vlasti i kreatori politika koji koji imaju utjecaja na problematiku roda i problema s kojima se susre\u0107u mladi ljudi.<\/li><li style=\"font-weight: 400\"><strong>Dionici s podru\u010dja biznisa i zapo\u0161ljavanja<\/strong>, kao \u0161to su lokalna mala i srednja poduze\u0107a, poduzetnici, gospodarske komore i slu\u017ebe za podr\u0161ku zapo\u0161ljavanju.<\/li><li style=\"font-weight: 400\"><strong>\u0160ira javnost<\/strong><\/li><\/ul><\/div>\n\t\t\t\t\t<\/div><\/div>\t\t\t\t<\/div>\n\t\t\t\t<\/div>\n\t\t\t\t<\/div>\n\t\t\t\t<div class=\"elementor-element elementor-element-34e72f6 elementor-widget elementor-widget-html\" data-id=\"34e72f6\" data-element_type=\"widget\" data-e-type=\"widget\" data-widget_type=\"html.default\">\n\t\t\t\t<div class=\"elementor-widget-container\">\n\t\t\t\t\t<script>\n    document.addEventListener('DOMContentLoaded', ()=>{\n        \n    \n    const container = document.querySelector('#container');\n    const c1 = document.querySelector('#c1');\n    const c2 = document.querySelector('#c2');\n    const c3 = document.querySelector('#c3');\n    const c4 = document.querySelector('#c4');\n    const c5 = document.querySelector('#c5');\n    const c6 = document.querySelector('#c6');\n    const c7 = document.querySelector('#c7');\n    \n    c1.addEventListener('mouseover', function(){\n        container.style.backgroundColor = '#D7CDFF';\n    });\n    c1.addEventListener('mouseout', function(){\n        container.style.backgroundColor = '#EAEAEA';\n    });\n    \n        c2.addEventListener('mouseover', function(){\n        container.style.backgroundColor = '#B9EBFF';\n    });\n    c2.addEventListener('mouseout', function(){\n        container.style.backgroundColor = '#EAEAEA';\n    });\n    \n        c3.addEventListener('mouseover', function(){\n        container.style.backgroundColor = '#FFB9E4';\n    });\n    c3.addEventListener('mouseout', function(){\n        container.style.backgroundColor = '#EAEAEA';\n    });\n    \n        c4.addEventListener('mouseover', function(){\n        container.style.backgroundColor = '#FFF4BC';\n    });\n    c4.addEventListener('mouseout', function(){\n        container.style.backgroundColor = '#EAEAEA';\n    });\n    \n        c5.addEventListener('mouseover', function(){\n        container.style.backgroundColor = '#D7CDFF';\n    });\n    c5.addEventListener('mouseout', function(){\n        container.style.backgroundColor = '#EAEAEA';\n    });\n    \n        c6.addEventListener('mouseover', function(){\n        container.style.backgroundColor = '#B9EBFF';\n    });\n    c6.addEventListener('mouseout', function(){\n        container.style.backgroundColor = '#EAEAEA';\n    });\n    \n        c7.addEventListener('mouseover', function(){\n        container.style.backgroundColor = '#FFB9E4';\n    });\n    c7.addEventListener('mouseout', function(){\n        container.style.backgroundColor = '#EAEAEA';\n    });\n    \n    });\n<\/script>\t\t\t\t<\/div>\n\t\t\t\t<\/div>\n\t\t\t\t\t<\/div>\n\t\t\t\t<\/div>\n\t\t\t\t<\/div>\n\t\t","protected":false},"excerpt":{"rendered":"<p>Osna\u017eivanje mladih \u017eena. Stvaranje uklju\u010divih zajednica. Leaders for Future je transnacionalna inicijativa koju sufinancira Europska Unija putem programa Erasmus+. Projekt [&hellip;]<\/p>\n","protected":false},"author":1,"featured_media":0,"parent":0,"menu_order":0,"comment_status":"closed","ping_status":"closed","template":"","meta":{"site-sidebar-layout":"no-sidebar","site-content-layout":"","ast-site-content-layout":"full-width-container","site-content-style":"default","site-sidebar-style":"default","ast-global-header-display":"","ast-banner-title-visibility":"","ast-main-header-display":"","ast-hfb-above-header-display":"","ast-hfb-below-header-display":"","ast-hfb-mobile-header-display":"","site-post-title":"disabled","ast-breadcrumbs-content":"","ast-featured-img":"disabled","footer-sml-layout":"","ast-disable-related-posts":"","theme-transparent-header-meta":"default","adv-header-id-meta":"","stick-header-meta":"","header-above-stick-meta":"","header-main-stick-meta":"","header-below-stick-meta":"","astra-migrate-meta-layouts":"set","ast-page-background-enabled":"default","ast-page-background-meta":{"desktop":{"background-color":"var(--ast-global-color-5)","background-image":"","background-repeat":"repeat","background-position":"center center","background-size":"auto","background-attachment":"scroll","background-type":"","background-media":"","overlay-type":"","overlay-color":"","overlay-opacity":"","overlay-gradient":""},"tablet":{"background-color":"","background-image":"","background-repeat":"repeat","background-position":"center center","background-size":"auto","background-attachment":"scroll","background-type":"","background-media":"","overlay-type":"","overlay-color":"","overlay-opacity":"","overlay-gradient":""},"mobile":{"background-color":"","background-image":"","background-repeat":"repeat","background-position":"center center","background-size":"auto","background-attachment":"scroll","background-type":"","background-media":"","overlay-type":"","overlay-color":"","overlay-opacity":"","overlay-gradient":""}},"ast-content-background-meta":{"desktop":{"background-color":"var(--ast-global-color-4)","background-image":"","background-repeat":"repeat","background-position":"center center","background-size":"auto","background-attachment":"scroll","background-type":"","background-media":"","overlay-type":"","overlay-color":"","overlay-opacity":"","overlay-gradient":""},"tablet":{"background-color":"var(--ast-global-color-4)","background-image":"","background-repeat":"repeat","background-position":"center center","background-size":"auto","background-attachment":"scroll","background-type":"","background-media":"","overlay-type":"","overlay-color":"","overlay-opacity":"","overlay-gradient":""},"mobile":{"background-color":"var(--ast-global-color-4)","background-image":"","background-repeat":"repeat","background-position":"center center","background-size":"auto","background-attachment":"scroll","background-type":"","background-media":"","overlay-type":"","overlay-color":"","overlay-opacity":"","overlay-gradient":""}},"footnotes":""},"class_list":["post-4924","page","type-page","status-publish","hentry"],"_links":{"self":[{"href":"https:\/\/leaders4future.eu\/bs\/wp-json\/wp\/v2\/pages\/4924","targetHints":{"allow":["GET"]}}],"collection":[{"href":"https:\/\/leaders4future.eu\/bs\/wp-json\/wp\/v2\/pages"}],"about":[{"href":"https:\/\/leaders4future.eu\/bs\/wp-json\/wp\/v2\/types\/page"}],"author":[{"embeddable":true,"href":"https:\/\/leaders4future.eu\/bs\/wp-json\/wp\/v2\/users\/1"}],"replies":[{"embeddable":true,"href":"https:\/\/leaders4future.eu\/bs\/wp-json\/wp\/v2\/comments?post=4924"}],"version-history":[{"count":19,"href":"https:\/\/leaders4future.eu\/bs\/wp-json\/wp\/v2\/pages\/4924\/revisions"}],"predecessor-version":[{"id":5297,"href":"https:\/\/leaders4future.eu\/bs\/wp-json\/wp\/v2\/pages\/4924\/revisions\/5297"}],"wp:attachment":[{"href":"https:\/\/leaders4future.eu\/bs\/wp-json\/wp\/v2\/media?parent=4924"}],"curies":[{"name":"wp","href":"https:\/\/api.w.org\/{rel}","templated":true}]}}