{"id":4926,"date":"2025-05-21T07:35:34","date_gmt":"2025-05-21T07:35:34","guid":{"rendered":"https:\/\/leaders4future.eu\/?page_id=4926"},"modified":"2026-04-20T09:24:35","modified_gmt":"2026-04-20T09:24:35","slug":"rezultati-projekta","status":"publish","type":"page","link":"https:\/\/leaders4future.eu\/bs\/rezultati-projekta\/","title":{"rendered":"Rezultati Projekta"},"content":{"rendered":"\t\t<div data-elementor-type=\"wp-page\" data-elementor-id=\"4926\" class=\"elementor elementor-4926 elementor-62\" data-elementor-post-type=\"page\">\n\t\t\t\t<div class=\"elementor-element elementor-element-00a7242 e-con-full e-flex e-con e-parent\" data-id=\"00a7242\" data-element_type=\"container\" data-e-type=\"container\" data-settings=\"{&quot;background_background&quot;:&quot;classic&quot;,&quot;jet_parallax_layout_list&quot;:[]}\">\n\t\t<div class=\"elementor-element elementor-element-debb9b4 e-flex e-con-boxed e-con e-child\" data-id=\"debb9b4\" data-element_type=\"container\" data-e-type=\"container\" data-settings=\"{&quot;jet_parallax_layout_list&quot;:[]}\">\n\t\t\t\t\t<div class=\"e-con-inner\">\n\t\t<div class=\"elementor-element elementor-element-ff0a924 e-con-full animated-fast e-flex elementor-invisible e-con e-child\" data-id=\"ff0a924\" data-element_type=\"container\" data-e-type=\"container\" data-settings=\"{&quot;jet_parallax_layout_list&quot;:[],&quot;animation&quot;:&quot;fadeInLeft&quot;}\">\n\t\t\t\t<div class=\"elementor-element elementor-element-5252901 animated-fast elementor-invisible elementor-widget elementor-widget-heading\" data-id=\"5252901\" data-element_type=\"widget\" data-e-type=\"widget\" data-settings=\"{&quot;_animation&quot;:&quot;fadeInLeft&quot;}\" data-widget_type=\"heading.default\">\n\t\t\t\t<div class=\"elementor-widget-container\">\n\t\t\t\t\t<h2 class=\"elementor-heading-title elementor-size-default\">REZULTATI PROJEKTA<\/h2>\t\t\t\t<\/div>\n\t\t\t\t<\/div>\n\t\t\t\t<div class=\"elementor-element elementor-element-308bfa9 elementor-widget elementor-widget-text-editor\" data-id=\"308bfa9\" data-element_type=\"widget\" data-e-type=\"widget\" data-widget_type=\"text-editor.default\">\n\t\t\t\t<div class=\"elementor-widget-container\">\n\t\t\t\t\t\t\t\t\t<p>Projekt <em>Leaders for future<\/em> generirat \u0107e niz konkretnih i trajnih rezultata usmjerenih na osna\u017eivanje mladih \u017eena, ja\u010danje organizacija mladih i poticanje me\u0111unarodne suradnje u svrhu promicanja poduzetni\u0161tva mladih i aktivnog gra\u0111anstva.<\/p><p>Projekt \u0107e pru\u017eiti inovativne alate, programe osposobljavanja i strukturnu podr\u0161ku koji \u0107e izravno koristiti mladim \u017eenama, osobama koje rade s mladima i partnerskim organizacijama.<\/p>\t\t\t\t\t\t\t\t<\/div>\n\t\t\t\t<\/div>\n\t\t\t\t<\/div>\n\t\t\t\t<div class=\"elementor-element elementor-element-e489f6a animated-fast elementor-invisible elementor-widget elementor-widget-image\" data-id=\"e489f6a\" data-element_type=\"widget\" data-e-type=\"widget\" data-settings=\"{&quot;_animation&quot;:&quot;fadeInRight&quot;}\" data-widget_type=\"image.default\">\n\t\t\t\t<div class=\"elementor-widget-container\">\n\t\t\t\t\t\t\t\t\t\t\t\t\t\t\t<img fetchpriority=\"high\" decoding=\"async\" width=\"2000\" height=\"1333\" src=\"https:\/\/leaders4future.eu\/wp-content\/uploads\/2025\/05\/pexels-cowomen-1058097-2041390.webp\" class=\"attachment-full size-full wp-image-2256\" alt=\"\" srcset=\"https:\/\/leaders4future.eu\/wp-content\/uploads\/2025\/05\/pexels-cowomen-1058097-2041390.webp 2000w, https:\/\/leaders4future.eu\/wp-content\/uploads\/2025\/05\/pexels-cowomen-1058097-2041390-300x200.webp 300w, https:\/\/leaders4future.eu\/wp-content\/uploads\/2025\/05\/pexels-cowomen-1058097-2041390-1024x682.webp 1024w, https:\/\/leaders4future.eu\/wp-content\/uploads\/2025\/05\/pexels-cowomen-1058097-2041390-768x512.webp 768w, https:\/\/leaders4future.eu\/wp-content\/uploads\/2025\/05\/pexels-cowomen-1058097-2041390-1536x1024.webp 1536w\" sizes=\"(max-width: 2000px) 100vw, 2000px\" \/>\t\t\t\t\t\t\t\t\t\t\t\t\t\t\t<\/div>\n\t\t\t\t<\/div>\n\t\t\t\t\t<\/div>\n\t\t\t\t<\/div>\n\t\t\t\t<\/div>\n\t\t<div class=\"elementor-element elementor-element-e3d4f5f e-con-full e-flex e-con e-parent\" data-id=\"e3d4f5f\" data-element_type=\"container\" data-e-type=\"container\" data-settings=\"{&quot;jet_parallax_layout_list&quot;:[]}\">\n\t\t\t\t<div class=\"elementor-element elementor-element-0afa294 elementor-widget__width-initial elementor-widget elementor-widget-text-editor\" data-id=\"0afa294\" data-element_type=\"widget\" data-e-type=\"widget\" data-widget_type=\"text-editor.default\">\n\t\t\t\t<div class=\"elementor-widget-container\">\n\t\t\t\t\t\t\t\t\t<ul><li style=\"font-weight: 400;\" aria-level=\"1\"><strong>Fokus grupa<\/strong> s mladim \u017eenama da se identificiraju izazovi s kojima se suo\u010davaju.<\/li><li style=\"font-weight: 400;\" aria-level=\"1\"><strong>Alat za samoprocjenu<\/strong> da se identificiraju propusti i potrebe s kojima se suo\u010davaju mlade \u017eene koje \u017eele postati poduzentice.<\/li><li style=\"font-weight: 400;\" aria-level=\"1\"><strong>Kombinirani te\u010daj za dionike koji rade s mladima<\/strong> za pobolj\u0161anje njihove sposobnosti pru\u017eanja podr\u0161ke mladim \u017eenama u poduzetni\u0161tvu.<\/li><li style=\"font-weight: 400;\" aria-level=\"1\"><strong>Trening materijal<\/strong> dizajniran posebno za mlade \u017eene na temu poduzetni\u0161tva.<\/li><li style=\"font-weight: 400;\" aria-level=\"1\"><strong>To\u010dke podr\u0161ke<\/strong> uspostavljene u svakoj partnerskoj zemlji koje nude personalizirano mentorstvo.<\/li><li style=\"font-weight: 400;\" aria-level=\"1\"><strong>Nacionalno i me\u0111unarodno natjecanje<\/strong> \u201eIzradi vlastiti poslovni plan\u201c s pobjednicima koji se natje\u010du na zavr\u0161nom doga\u0111aju u \u0160panjolskoj.<\/li><li style=\"font-weight: 400;\" aria-level=\"1\"><strong>Nacionalni Hub<\/strong> za \u0161irenje rezultata projekta i provo\u0111enje aktivnosti na lokalnoj razini.<\/li><\/ul><p>Osim mjerljivih rezultata, projekt \u0107e doprinijeti i s vrijednim nematerijalnim rezultatima kao \u0161to su<\/p><ul><li style=\"font-weight: 400;\" aria-level=\"1\"><strong>Pobolj\u0161ani kapaciteti organizacija mladih<\/strong> za mentoriranje i podr\u0161ku mladim \u017eenama putem pobolj\u0161anih metodologija i prakti\u010dnih alata.<\/li><li style=\"font-weight: 400;\" aria-level=\"1\"><strong>Pobolj\u0161ane poduzetni\u010dke, &#8220;meke&#8221; i transverzalne vje\u0161tine<\/strong> mladih \u017eena, omogu\u0107uju\u0107i im ulazak na tr\u017ei\u0161te rada, pokretanje vlastitog posla i aktivno sudjelovanje u dru\u0161tvu.<\/li><li style=\"font-weight: 400;\" aria-level=\"1\"><strong>Podignuta svijest<\/strong> na institucionalnoj i dru\u0161tvenoj razini o vrijednosti \u017eenskog poduzetni\u0161tva i ulozi mladih u odr\u017eivom razvoju.<\/li><li style=\"font-weight: 400;\" aria-level=\"1\"><strong>Oja\u010dana suradnja<\/strong> izme\u0111u organizacija mladih, stvaranje trajnih partnerstava i mre\u017ea.<\/li><li style=\"font-weight: 400;\" aria-level=\"1\"><strong>Osna\u017eivanje i motiviranje mladih \u017eena<\/strong> da prevladaju prepreke i postanu aktivne poduzetnice i liderice u zajednici.<\/li><li style=\"font-weight: 400;\" aria-level=\"1\"><strong>Promicanje poduzetni\u010dke kulture<\/strong> i aktivnog gra\u0111anstva me\u0111u mladima.<\/li><\/ul>\t\t\t\t\t\t\t\t<\/div>\n\t\t\t\t<\/div>\n\t\t\t\t<\/div>\n\t\t<div class=\"elementor-element elementor-element-fdcedb1 e-flex e-con-boxed e-con e-parent\" data-id=\"fdcedb1\" data-element_type=\"container\" data-e-type=\"container\" id=\"1\" data-settings=\"{&quot;background_background&quot;:&quot;classic&quot;,&quot;jet_parallax_layout_list&quot;:[]}\">\n\t\t\t\t\t<div class=\"e-con-inner\">\n\t\t<div class=\"elementor-element elementor-element-7ff8c99 e-con-full e-flex e-con e-child\" data-id=\"7ff8c99\" data-element_type=\"container\" data-e-type=\"container\" data-settings=\"{&quot;jet_parallax_layout_list&quot;:[]}\">\n\t\t<div class=\"elementor-element elementor-element-30bf01f animated-fast e-flex e-con-boxed elementor-invisible e-con e-child\" data-id=\"30bf01f\" data-element_type=\"container\" data-e-type=\"container\" data-settings=\"{&quot;jet_parallax_layout_list&quot;:[],&quot;animation&quot;:&quot;fadeInLeft&quot;}\">\n\t\t\t\t\t<div class=\"e-con-inner\">\n\t\t\t\t<div class=\"elementor-element elementor-element-1adcc03 animated-fast elementor-invisible elementor-widget elementor-widget-heading\" data-id=\"1adcc03\" data-element_type=\"widget\" data-e-type=\"widget\" data-settings=\"{&quot;_animation&quot;:&quot;fadeInLeft&quot;}\" data-widget_type=\"heading.default\">\n\t\t\t\t<div class=\"elementor-widget-container\">\n\t\t\t\t\t<h2 class=\"elementor-heading-title elementor-size-default\">Fokus na\npotrebe\n\u017eena:\nalat za\nsamopro\ncjenu i\nfokus\ngrupe<\/h2>\t\t\t\t<\/div>\n\t\t\t\t<\/div>\n\t\t\t\t<div class=\"elementor-element elementor-element-6341b6d elementor-widget elementor-widget-text-editor\" data-id=\"6341b6d\" data-element_type=\"widget\" data-e-type=\"widget\" data-widget_type=\"text-editor.default\">\n\t\t\t\t<div class=\"elementor-widget-container\">\n\t\t\t\t\t\t\t\t\t<p>Ova faza projekta usmjerena je na razumijevanje potreba i izazova s kojima se mlade \u017eene suo\u010davaju kada \u017eele postati poduzetnice. Kroz istra\u017eivanje, fokus grupe i namjenski alat za procjenu, projekt \u0107e pomo\u0107i centrima za mlade i osobama koje rade s mladima da identificiraju nedostatke koji ograni\u010davaju poduzetni\u010dki potencijal mladih \u017eena. Istovremeno, mlade \u017eene imat \u0107e priliku istra\u017eiti vlastite vje\u0161tine, razmisliti o preprekama s kojima se susre\u0107u i aktivno sudjelovati u procesu.<\/p><p>Identificiranjem i analizom tih nedostataka, projekt \u0107e ih osna\u017eiti da se zala\u017eu za svoje potrebe i prava, istovremeno postavljaju\u0107i temelje za prilago\u0111enu obuku. Ovaj suradni\u010dki pristup osigurat \u0107e da su i mlade \u017eene i oni koji ih podr\u017eavaju bolje opremljeni za prevladavanje prepreka i poticanje poduzetni\u0161tva.<\/p>\t\t\t\t\t\t\t\t<\/div>\n\t\t\t\t<\/div>\n\t\t\t\t\t<\/div>\n\t\t\t\t<\/div>\n\t\t\t\t<div class=\"elementor-element elementor-element-1e3055d animated-fast elementor-invisible elementor-widget elementor-widget-image\" data-id=\"1e3055d\" data-element_type=\"widget\" data-e-type=\"widget\" data-settings=\"{&quot;_animation&quot;:&quot;fadeInRight&quot;}\" data-widget_type=\"image.default\">\n\t\t\t\t<div class=\"elementor-widget-container\">\n\t\t\t\t\t\t\t\t\t\t\t\t\t\t\t<img decoding=\"async\" width=\"1708\" height=\"2560\" src=\"https:\/\/leaders4future.eu\/wp-content\/uploads\/2025\/05\/sable-flow-LPM347t0z5c-unsplash-scaled.webp\" class=\"attachment-full size-full wp-image-2246\" alt=\"\" srcset=\"https:\/\/leaders4future.eu\/wp-content\/uploads\/2025\/05\/sable-flow-LPM347t0z5c-unsplash-scaled.webp 1708w, https:\/\/leaders4future.eu\/wp-content\/uploads\/2025\/05\/sable-flow-LPM347t0z5c-unsplash-200x300.webp 200w, https:\/\/leaders4future.eu\/wp-content\/uploads\/2025\/05\/sable-flow-LPM347t0z5c-unsplash-683x1024.webp 683w, https:\/\/leaders4future.eu\/wp-content\/uploads\/2025\/05\/sable-flow-LPM347t0z5c-unsplash-768x1151.webp 768w, https:\/\/leaders4future.eu\/wp-content\/uploads\/2025\/05\/sable-flow-LPM347t0z5c-unsplash-1025x1536.webp 1025w, https:\/\/leaders4future.eu\/wp-content\/uploads\/2025\/05\/sable-flow-LPM347t0z5c-unsplash-1366x2048.webp 1366w\" sizes=\"(max-width: 1708px) 100vw, 1708px\" \/>\t\t\t\t\t\t\t\t\t\t\t\t\t\t\t<\/div>\n\t\t\t\t<\/div>\n\t\t\t\t<\/div>\n\t\t\t\t<div class=\"elementor-element elementor-element-dda071c elementor-widget-divider--view-line elementor-widget elementor-widget-divider\" data-id=\"dda071c\" data-element_type=\"widget\" data-e-type=\"widget\" data-widget_type=\"divider.default\">\n\t\t\t\t<div class=\"elementor-widget-container\">\n\t\t\t\t\t\t\t<div class=\"elementor-divider\">\n\t\t\t<span class=\"elementor-divider-separator\">\n\t\t\t\t\t\t<\/span>\n\t\t<\/div>\n\t\t\t\t\t\t<\/div>\n\t\t\t\t<\/div>\n\t\t<div class=\"elementor-element elementor-element-283d0b1 e-grid e-con-full e-con e-child\" data-id=\"283d0b1\" data-element_type=\"container\" data-e-type=\"container\" data-settings=\"{&quot;jet_parallax_layout_list&quot;:[]}\">\n\t\t<div class=\"ep-section-eql-height elementor-element elementor-element-21f17e1 e-con-full e-transform e-flex e-con e-child\" bdt-height-match=\"target: .ep-section-eql-height card\" data-id=\"21f17e1\" data-element_type=\"container\" data-e-type=\"container\" data-settings=\"{&quot;background_background&quot;:&quot;classic&quot;,&quot;jet_parallax_layout_list&quot;:[],&quot;_transform_translateY_effect_hover&quot;:{&quot;unit&quot;:&quot;px&quot;,&quot;size&quot;:-20,&quot;sizes&quot;:[]},&quot;_transform_translateX_effect_hover&quot;:{&quot;unit&quot;:&quot;px&quot;,&quot;size&quot;:&quot;&quot;,&quot;sizes&quot;:[]},&quot;_transform_translateX_effect_hover_tablet&quot;:{&quot;unit&quot;:&quot;px&quot;,&quot;size&quot;:&quot;&quot;,&quot;sizes&quot;:[]},&quot;_transform_translateX_effect_hover_mobile&quot;:{&quot;unit&quot;:&quot;px&quot;,&quot;size&quot;:&quot;&quot;,&quot;sizes&quot;:[]},&quot;_transform_translateY_effect_hover_tablet&quot;:{&quot;unit&quot;:&quot;px&quot;,&quot;size&quot;:&quot;&quot;,&quot;sizes&quot;:[]},&quot;_transform_translateY_effect_hover_mobile&quot;:{&quot;unit&quot;:&quot;px&quot;,&quot;size&quot;:&quot;&quot;,&quot;sizes&quot;:[]}}\">\n\t\t\t\t<div class=\"elementor-element elementor-element-ffa93be elementor-widget elementor-widget-heading\" data-id=\"ffa93be\" data-element_type=\"widget\" data-e-type=\"widget\" data-widget_type=\"heading.default\">\n\t\t\t\t<div class=\"elementor-widget-container\">\n\t\t\t\t\t<h2 class=\"elementor-heading-title elementor-size-default\">Alat za samoprocjenu<\/h2>\t\t\t\t<\/div>\n\t\t\t\t<\/div>\n\t\t\t\t<div class=\"elementor-element elementor-element-8718eeb elementor-widget elementor-widget-text-editor\" data-id=\"8718eeb\" data-element_type=\"widget\" data-e-type=\"widget\" data-widget_type=\"text-editor.default\">\n\t\t\t\t<div class=\"elementor-widget-container\">\n\t\t\t\t\t\t\t\t\t<p>Na web stranici projekta bit \u0107e dostupan digitalni alat za samoprocjenu kako bi se podr\u017eale mlade \u017eene zainteresirane za poduzetni\u0161tvo. Alat uklju\u010duje klju\u010dna pitanja koja poma\u017eu korisnicima da razmisle o tehni\u010dkim i psiholo\u0161kim dimenzijama svoje poduzetni\u010dke spremnosti.<\/p><p>\u25cf Tehni\u010dki dio: Obuhva\u0107a poslovno planiranje, marketin\u0161ke strategije i financijsku pismenost.<\/p><p>\u25cf Psiholo\u0161ki dio: Istra\u017euje motivaciju, na\u010din razmi\u0161ljanja i osobne izazove povezane s poduzetni\u0161tvom.<\/p><p>Alat je osmi\u0161ljen da bude intuitivan i jednostavan za kori\u0161tenje, nude\u0107i personalizirane uvide koji \u0107e voditi sljede\u0107e korake u poduzetni\u010dkom putovanju.<\/p>\t\t\t\t\t\t\t\t<\/div>\n\t\t\t\t<\/div>\n\t\t\t\t<div class=\"elementor-element elementor-element-71dbb07 elementor-tablet-align-justify elementor-widget-tablet__width-inherit elementor-align-center elementor-widget elementor-widget-button\" data-id=\"71dbb07\" data-element_type=\"widget\" data-e-type=\"widget\" data-widget_type=\"button.default\">\n\t\t\t\t<div class=\"elementor-widget-container\">\n\t\t\t\t\t\t\t\t\t<div class=\"elementor-button-wrapper\">\n\t\t\t\t\t<a class=\"elementor-button elementor-button-link elementor-size-sm\" href=\"https:\/\/leaders4future.eu\/bs\/samoprocjenu\/\">\n\t\t\t\t\t\t<span class=\"elementor-button-content-wrapper\">\n\t\t\t\t\t\t\t\t\t<span class=\"elementor-button-text\">Alat za samoprocjenu<\/span>\n\t\t\t\t\t<\/span>\n\t\t\t\t\t<\/a>\n\t\t\t\t<\/div>\n\t\t\t\t\t\t\t\t<\/div>\n\t\t\t\t<\/div>\n\t\t\t\t<\/div>\n\t\t<div class=\"ep-section-eql-height elementor-element elementor-element-4370eef e-con-full e-transform e-flex e-con e-child\" bdt-height-match=\"target: .ep-section-eql-height card\" data-id=\"4370eef\" data-element_type=\"container\" data-e-type=\"container\" data-settings=\"{&quot;background_background&quot;:&quot;classic&quot;,&quot;jet_parallax_layout_list&quot;:[],&quot;_transform_translateY_effect_hover&quot;:{&quot;unit&quot;:&quot;px&quot;,&quot;size&quot;:-20,&quot;sizes&quot;:[]},&quot;_transform_translateX_effect_hover&quot;:{&quot;unit&quot;:&quot;px&quot;,&quot;size&quot;:&quot;&quot;,&quot;sizes&quot;:[]},&quot;_transform_translateX_effect_hover_tablet&quot;:{&quot;unit&quot;:&quot;px&quot;,&quot;size&quot;:&quot;&quot;,&quot;sizes&quot;:[]},&quot;_transform_translateX_effect_hover_mobile&quot;:{&quot;unit&quot;:&quot;px&quot;,&quot;size&quot;:&quot;&quot;,&quot;sizes&quot;:[]},&quot;_transform_translateY_effect_hover_tablet&quot;:{&quot;unit&quot;:&quot;px&quot;,&quot;size&quot;:&quot;&quot;,&quot;sizes&quot;:[]},&quot;_transform_translateY_effect_hover_mobile&quot;:{&quot;unit&quot;:&quot;px&quot;,&quot;size&quot;:&quot;&quot;,&quot;sizes&quot;:[]}}\">\n\t\t\t\t<div class=\"elementor-element elementor-element-65da473 elementor-widget elementor-widget-heading\" data-id=\"65da473\" data-element_type=\"widget\" data-e-type=\"widget\" data-widget_type=\"heading.default\">\n\t\t\t\t<div class=\"elementor-widget-container\">\n\t\t\t\t\t<h2 class=\"elementor-heading-title elementor-size-default\">Fokus grupa s mladim \u017eenama<\/h2>\t\t\t\t<\/div>\n\t\t\t\t<\/div>\n\t\t\t\t<div class=\"elementor-element elementor-element-e1a9db8 elementor-widget elementor-widget-text-editor\" data-id=\"e1a9db8\" data-element_type=\"widget\" data-e-type=\"widget\" data-widget_type=\"text-editor.default\">\n\t\t\t\t<div class=\"elementor-widget-container\">\n\t\t\t\t\t\t\t\t\t<p>Fokus grupe su provedene u sedam partnerskih zemalja i uklju\u010dile su 70 mladih \u017eena koje su te\u017eile da postanu poduzetnice. Svaka sesija okupila je u\u010desnice razli\u010ditih profila kako bi istra\u017eile svoje potrebe i izazove, uklju\u010duju\u0107i pristup finansiranju, administrativnu slo\u017eenost i rodne stereotipe, kao i njihove ideje za podr\u0161ku. U\u010desnice su tako\u0111er testirale pilot-verziju alata za procjenu i dale povratne informacije kako bi se unaprijedio njegov dizajn i relevantnost. Posebna pa\u017enja posve\u0107ena je uklju\u010divanju mladih \u017eena s manje mogu\u0107nosti. Prikupljeni uvidi informirali su naredne projektne aktivnosti i osigurali da su razvijeni alati i resursi uskla\u0111eni sa stvarnim iskustvima i o\u010dekivanjima u\u010desnica.<\/p>\t\t\t\t\t\t\t\t<\/div>\n\t\t\t\t<\/div>\n\t\t\t\t<div class=\"elementor-element elementor-element-e68b95b elementor-tablet-align-justify elementor-widget-tablet__width-inherit elementor-align-center elementor-widget elementor-widget-button\" data-id=\"e68b95b\" data-element_type=\"widget\" data-e-type=\"widget\" data-widget_type=\"button.default\">\n\t\t\t\t<div class=\"elementor-widget-container\">\n\t\t\t\t\t\t\t\t\t<div class=\"elementor-button-wrapper\">\n\t\t\t\t\t<a class=\"elementor-button elementor-button-link elementor-size-sm\" href=\"https:\/\/leaders4future.eu\/bs\/rezultati-projekta\/fokus-grupe\/\">\n\t\t\t\t\t\t<span class=\"elementor-button-content-wrapper\">\n\t\t\t\t\t\t\t\t\t<span class=\"elementor-button-text\">Fokus Grupe<\/span>\n\t\t\t\t\t<\/span>\n\t\t\t\t\t<\/a>\n\t\t\t\t<\/div>\n\t\t\t\t\t\t\t\t<\/div>\n\t\t\t\t<\/div>\n\t\t\t\t<\/div>\n\t\t<div class=\"ep-section-eql-height elementor-element elementor-element-cc8e74c e-con-full e-transform e-flex e-con e-child\" bdt-height-match=\"target: .ep-section-eql-height card\" data-id=\"cc8e74c\" data-element_type=\"container\" data-e-type=\"container\" data-settings=\"{&quot;background_background&quot;:&quot;classic&quot;,&quot;jet_parallax_layout_list&quot;:[],&quot;_transform_translateY_effect_hover&quot;:{&quot;unit&quot;:&quot;px&quot;,&quot;size&quot;:-20,&quot;sizes&quot;:[]},&quot;_transform_translateX_effect_hover&quot;:{&quot;unit&quot;:&quot;px&quot;,&quot;size&quot;:&quot;&quot;,&quot;sizes&quot;:[]},&quot;_transform_translateX_effect_hover_tablet&quot;:{&quot;unit&quot;:&quot;px&quot;,&quot;size&quot;:&quot;&quot;,&quot;sizes&quot;:[]},&quot;_transform_translateX_effect_hover_mobile&quot;:{&quot;unit&quot;:&quot;px&quot;,&quot;size&quot;:&quot;&quot;,&quot;sizes&quot;:[]},&quot;_transform_translateY_effect_hover_tablet&quot;:{&quot;unit&quot;:&quot;px&quot;,&quot;size&quot;:&quot;&quot;,&quot;sizes&quot;:[]},&quot;_transform_translateY_effect_hover_mobile&quot;:{&quot;unit&quot;:&quot;px&quot;,&quot;size&quot;:&quot;&quot;,&quot;sizes&quot;:[]}}\">\n\t\t\t\t<div class=\"elementor-element elementor-element-c3c5128 elementor-widget elementor-widget-heading\" data-id=\"c3c5128\" data-element_type=\"widget\" data-e-type=\"widget\" data-widget_type=\"heading.default\">\n\t\t\t\t<div class=\"elementor-widget-container\">\n\t\t\t\t\t<h2 class=\"elementor-heading-title elementor-size-default\">Izvje\u0161\u0107e \"Ru\u0161enje prepreka: Otkrivanje poduzetni\u010dkih izazova s kojima se suo\u010davaju mlade \u017eene\"<\/h2>\t\t\t\t<\/div>\n\t\t\t\t<\/div>\n\t\t\t\t<div class=\"elementor-element elementor-element-2786e85 elementor-widget elementor-widget-text-editor\" data-id=\"2786e85\" data-element_type=\"widget\" data-e-type=\"widget\" data-widget_type=\"text-editor.default\">\n\t\t\t\t<div class=\"elementor-widget-container\">\n\t\t\t\t\t\t\t\t\t<p>Ovo izvje\u0161\u0107e objedinjuje otkri\u0107a iz svih zemalja projekta, isti\u010du\u0107i glavne izazove i nedostatke s kojima se mlade \u017eene suo\u010davaju na svom putu prema poduzetni\u0161tvu. Nudi uvid u stvarne potrebe i predla\u017ee prakti\u010dne preporuke.<\/p>\t\t\t\t\t\t\t\t<\/div>\n\t\t\t\t<\/div>\n\t\t\t\t<div class=\"elementor-element elementor-element-3c70b15 elementor-tablet-align-justify elementor-widget-tablet__width-inherit elementor-align-center elementor-widget elementor-widget-button\" data-id=\"3c70b15\" data-element_type=\"widget\" data-e-type=\"widget\" data-widget_type=\"button.default\">\n\t\t\t\t<div class=\"elementor-widget-container\">\n\t\t\t\t\t\t\t\t\t<div class=\"elementor-button-wrapper\">\n\t\t\t\t\t<a class=\"elementor-button elementor-button-link elementor-size-sm\" href=\"https:\/\/leaders4future.eu\/wp-content\/uploads\/2026\/02\/BO_LEADERS-4-FUTURE.pdf\" target=\"_blank\" rel=\"nofollow\">\n\t\t\t\t\t\t<span class=\"elementor-button-content-wrapper\">\n\t\t\t\t\t\t\t\t\t<span class=\"elementor-button-text\">Ru\u0161enje prepreka Izvje\u0161\u0107e<\/span>\n\t\t\t\t\t<\/span>\n\t\t\t\t\t<\/a>\n\t\t\t\t<\/div>\n\t\t\t\t\t\t\t\t<\/div>\n\t\t\t\t<\/div>\n\t\t\t\t<\/div>\n\t\t\t\t<\/div>\n\t\t\t\t\t<\/div>\n\t\t\t\t<\/div>\n\t\t<div class=\"elementor-element elementor-element-c796c11 e-flex e-con-boxed e-con e-parent\" data-id=\"c796c11\" data-element_type=\"container\" data-e-type=\"container\" id=\"2\" data-settings=\"{&quot;background_background&quot;:&quot;classic&quot;,&quot;jet_parallax_layout_list&quot;:[]}\">\n\t\t\t\t\t<div class=\"e-con-inner\">\n\t\t<div class=\"elementor-element elementor-element-ae0887e e-con-full e-flex e-con e-child\" data-id=\"ae0887e\" data-element_type=\"container\" data-e-type=\"container\" data-settings=\"{&quot;jet_parallax_layout_list&quot;:[]}\">\n\t\t<div class=\"elementor-element elementor-element-7928122 animated-fast e-flex e-con-boxed elementor-invisible e-con e-child\" data-id=\"7928122\" data-element_type=\"container\" data-e-type=\"container\" data-settings=\"{&quot;jet_parallax_layout_list&quot;:[],&quot;animation&quot;:&quot;fadeInLeft&quot;}\">\n\t\t\t\t\t<div class=\"e-con-inner\">\n\t\t\t\t<div class=\"elementor-element elementor-element-5937c31 animated-fast elementor-invisible elementor-widget elementor-widget-heading\" data-id=\"5937c31\" data-element_type=\"widget\" data-e-type=\"widget\" data-settings=\"{&quot;_animation&quot;:&quot;fadeInLeft&quot;}\" data-widget_type=\"heading.default\">\n\t\t\t\t<div class=\"elementor-widget-container\">\n\t\t\t\t\t<h2 class=\"elementor-heading-title elementor-size-default\">OSPOSOBLJAVANJE TRENERA - Kombinirani te\u010daj i studijska posjeta za radnike s mladima u Norve\u0161koj<\/h2>\t\t\t\t<\/div>\n\t\t\t\t<\/div>\n\t\t\t\t<div class=\"elementor-element elementor-element-ab152d1 elementor-widget elementor-widget-text-editor\" data-id=\"ab152d1\" data-element_type=\"widget\" data-e-type=\"widget\" data-widget_type=\"text-editor.default\">\n\t\t\t\t<div class=\"elementor-widget-container\">\n\t\t\t\t\t\t\t\t\t<p>Ovaj odjeljak opisuje aktivnosti razvijene za unapre\u0111enje kompetencija osoba koje rade s mladima, edukatora i organizacija koje podr\u017eavaju mlade \u017eene. Cilj je oja\u010dati njihovu sposobnost osmi\u0161ljavanja i provo\u0111enja neformalnih aktivnosti u\u010denja koje poti\u010du zapo\u0161ljivost i poduzetni\u0161tvo. Kombiniranjem teorijskih osnova s prakti\u010dnim aktivnostima, projekt pru\u017ea prilago\u0111ene materijale koji poma\u017eu osobama koje rade s mladima da podr\u017ee mlade \u017eene u razvoju poduzetni\u010dkih i mekih vje\u0161tina. Istovremeno doprinosi izgradnji dugoro\u010dnih kapaciteta organizacija mladih koje djeluju izvan formalnog obrazovanja, osiguravaju\u0107i \u0161iri i odr\u017eiviji utjecaj.<\/p>\t\t\t\t\t\t\t\t<\/div>\n\t\t\t\t<\/div>\n\t\t\t\t\t<\/div>\n\t\t\t\t<\/div>\n\t\t\t\t<div class=\"elementor-element elementor-element-3acfef9 animated-fast elementor-invisible elementor-widget elementor-widget-image\" data-id=\"3acfef9\" data-element_type=\"widget\" data-e-type=\"widget\" data-settings=\"{&quot;_animation&quot;:&quot;fadeInRight&quot;}\" data-widget_type=\"image.default\">\n\t\t\t\t<div class=\"elementor-widget-container\">\n\t\t\t\t\t\t\t\t\t\t\t\t\t\t\t<img decoding=\"async\" width=\"1024\" height=\"1024\" src=\"https:\/\/leaders4future.eu\/wp-content\/uploads\/2025\/05\/Targer-Groups-14.webp\" class=\"attachment-full size-full wp-image-2337\" alt=\"\" srcset=\"https:\/\/leaders4future.eu\/wp-content\/uploads\/2025\/05\/Targer-Groups-14.webp 1024w, https:\/\/leaders4future.eu\/wp-content\/uploads\/2025\/05\/Targer-Groups-14-300x300.webp 300w, https:\/\/leaders4future.eu\/wp-content\/uploads\/2025\/05\/Targer-Groups-14-150x150.webp 150w, https:\/\/leaders4future.eu\/wp-content\/uploads\/2025\/05\/Targer-Groups-14-768x768.webp 768w\" sizes=\"(max-width: 1024px) 100vw, 1024px\" \/>\t\t\t\t\t\t\t\t\t\t\t\t\t\t\t<\/div>\n\t\t\t\t<\/div>\n\t\t\t\t<\/div>\n\t\t\t\t<div class=\"elementor-element elementor-element-94ad3a0 elementor-widget-divider--view-line elementor-widget elementor-widget-divider\" data-id=\"94ad3a0\" data-element_type=\"widget\" data-e-type=\"widget\" data-widget_type=\"divider.default\">\n\t\t\t\t<div class=\"elementor-widget-container\">\n\t\t\t\t\t\t\t<div class=\"elementor-divider\">\n\t\t\t<span class=\"elementor-divider-separator\">\n\t\t\t\t\t\t<\/span>\n\t\t<\/div>\n\t\t\t\t\t\t<\/div>\n\t\t\t\t<\/div>\n\t\t<div class=\"elementor-element elementor-element-c5cc0ed e-grid e-con-full e-con e-child\" data-id=\"c5cc0ed\" data-element_type=\"container\" data-e-type=\"container\" data-settings=\"{&quot;jet_parallax_layout_list&quot;:[]}\">\n\t\t<div class=\"elementor-element elementor-element-0883819 e-con-full e-transform e-flex e-con e-child\" data-id=\"0883819\" data-element_type=\"container\" data-e-type=\"container\" data-settings=\"{&quot;background_background&quot;:&quot;classic&quot;,&quot;jet_parallax_layout_list&quot;:[],&quot;_transform_translateY_effect_hover&quot;:{&quot;unit&quot;:&quot;px&quot;,&quot;size&quot;:-20,&quot;sizes&quot;:[]},&quot;_transform_translateX_effect_hover&quot;:{&quot;unit&quot;:&quot;px&quot;,&quot;size&quot;:&quot;&quot;,&quot;sizes&quot;:[]},&quot;_transform_translateX_effect_hover_tablet&quot;:{&quot;unit&quot;:&quot;px&quot;,&quot;size&quot;:&quot;&quot;,&quot;sizes&quot;:[]},&quot;_transform_translateX_effect_hover_mobile&quot;:{&quot;unit&quot;:&quot;px&quot;,&quot;size&quot;:&quot;&quot;,&quot;sizes&quot;:[]},&quot;_transform_translateY_effect_hover_tablet&quot;:{&quot;unit&quot;:&quot;px&quot;,&quot;size&quot;:&quot;&quot;,&quot;sizes&quot;:[]},&quot;_transform_translateY_effect_hover_mobile&quot;:{&quot;unit&quot;:&quot;px&quot;,&quot;size&quot;:&quot;&quot;,&quot;sizes&quot;:[]}}\">\n\t\t\t\t<div class=\"elementor-element elementor-element-70e2dc8 elementor-widget elementor-widget-heading\" data-id=\"70e2dc8\" data-element_type=\"widget\" data-e-type=\"widget\" data-widget_type=\"heading.default\">\n\t\t\t\t<div class=\"elementor-widget-container\">\n\t\t\t\t\t<h2 class=\"elementor-heading-title elementor-size-default\">Trening materijali<\/h2>\t\t\t\t<\/div>\n\t\t\t\t<\/div>\n\t\t\t\t<div class=\"elementor-element elementor-element-dd8da14 elementor-widget elementor-widget-text-editor\" data-id=\"dd8da14\" data-element_type=\"widget\" data-e-type=\"widget\" data-widget_type=\"text-editor.default\">\n\t\t\t\t<div class=\"elementor-widget-container\">\n\t\t\t\t\t\t\t\t\t<p>Materijali za trening osmi\u0161ljeni su kako bi podr\u017eali radnike s mladima u osna\u017eivanju mladih \u017eena koje \u017eele postati poduzetnice. Sadr\u017eaj je strukturiran u dva glavna dijela.<\/p><ul><li style=\"font-weight: 400;\" aria-level=\"1\">Prvi dio usmjeren je na razvoj me\u0111uljudskih odnosa i mentorskih vje\u0161tina osoba koje rade s mladima, pokrivaju\u0107i podru\u010dja poput tehnika treniranja, komunikacijskih strategija, emocionalne inteligencije i rodno osjetljivih pristupa.<\/li><li style=\"font-weight: 400;\" aria-level=\"1\">Drugi dio pru\u017ea prakti\u010dne resurse o klju\u010dnim temama poduzetni\u0161tva, uklju\u010duju\u0107i postavljanje ciljeva, financijsku pismenost, planiranje djelovanja, pravne aspekte i marketing.<\/li><\/ul><p>Svaki modul obra\u0111uje odre\u0111enu poduzetni\u010dku vje\u0161tinu, uskla\u0111enu s okvirom EntreComp. Svi materijali bit \u0107e dostupni na vi\u0161e jezika i online.<\/p>\t\t\t\t\t\t\t\t<\/div>\n\t\t\t\t<\/div>\n\t\t\t\t<div class=\"elementor-element elementor-element-0d99f32 elementor-tablet-align-justify elementor-widget-tablet__width-inherit elementor-align-center elementor-widget__width-inherit elementor-widget elementor-widget-button\" data-id=\"0d99f32\" data-element_type=\"widget\" data-e-type=\"widget\" data-widget_type=\"button.default\">\n\t\t\t\t<div class=\"elementor-widget-container\">\n\t\t\t\t\t\t\t\t\t<div class=\"elementor-button-wrapper\">\n\t\t\t\t\t<a class=\"elementor-button elementor-button-link elementor-size-sm\" href=\"https:\/\/leaders4future.eu\/bs\/rezultati-projekta\/online-course\/\">\n\t\t\t\t\t\t<span class=\"elementor-button-content-wrapper\">\n\t\t\t\t\t\t\t\t\t<span class=\"elementor-button-text\">Trening materijali<\/span>\n\t\t\t\t\t<\/span>\n\t\t\t\t\t<\/a>\n\t\t\t\t<\/div>\n\t\t\t\t\t\t\t\t<\/div>\n\t\t\t\t<\/div>\n\t\t\t\t<\/div>\n\t\t<div class=\"elementor-element elementor-element-3166213 e-con-full e-transform e-flex e-con e-child\" data-id=\"3166213\" data-element_type=\"container\" data-e-type=\"container\" data-settings=\"{&quot;background_background&quot;:&quot;classic&quot;,&quot;jet_parallax_layout_list&quot;:[],&quot;_transform_translateY_effect_hover&quot;:{&quot;unit&quot;:&quot;px&quot;,&quot;size&quot;:-20,&quot;sizes&quot;:[]},&quot;_transform_translateX_effect_hover&quot;:{&quot;unit&quot;:&quot;px&quot;,&quot;size&quot;:&quot;&quot;,&quot;sizes&quot;:[]},&quot;_transform_translateX_effect_hover_tablet&quot;:{&quot;unit&quot;:&quot;px&quot;,&quot;size&quot;:&quot;&quot;,&quot;sizes&quot;:[]},&quot;_transform_translateX_effect_hover_mobile&quot;:{&quot;unit&quot;:&quot;px&quot;,&quot;size&quot;:&quot;&quot;,&quot;sizes&quot;:[]},&quot;_transform_translateY_effect_hover_tablet&quot;:{&quot;unit&quot;:&quot;px&quot;,&quot;size&quot;:&quot;&quot;,&quot;sizes&quot;:[]},&quot;_transform_translateY_effect_hover_mobile&quot;:{&quot;unit&quot;:&quot;px&quot;,&quot;size&quot;:&quot;&quot;,&quot;sizes&quot;:[]}}\">\n\t\t\t\t<div class=\"elementor-element elementor-element-b6c5fab elementor-widget elementor-widget-heading\" data-id=\"b6c5fab\" data-element_type=\"widget\" data-e-type=\"widget\" data-widget_type=\"heading.default\">\n\t\t\t\t<div class=\"elementor-widget-container\">\n\t\t\t\t\t<h2 class=\"elementor-heading-title elementor-size-default\">Kombinirani te\u010daj za radnike s mladima<\/h2>\t\t\t\t<\/div>\n\t\t\t\t<\/div>\n\t\t\t\t<div class=\"elementor-element elementor-element-75693de elementor-widget elementor-widget-text-editor\" data-id=\"75693de\" data-element_type=\"widget\" data-e-type=\"widget\" data-widget_type=\"text-editor.default\">\n\t\t\t\t<div class=\"elementor-widget-container\">\n\t\t\t\t\t\t\t\t\t<p>Za osobe koje rade s mladima, edukatore, mentore i trenere iz zemalja sudionica osmi\u0161ljen je 30-satni te\u010daj kombiniranog u\u010denja. Te\u010daj kombinira online u\u010denje s interaktivnim sesijama i strukturiran je kako bi olak\u0161ao prijenos znanja i prakti\u010dnu primjenu. Uklju\u010duje uvodne i zavr\u0161ne sesije, online module vlastitim tempom i dva online sastanka u\u017eivo za odgovaranje na pitanja i poticanje rasprave. Te\u010daj je osmi\u0161ljen kako bi se prilagodio razli\u010ditim stilovima u\u010denja i potakao aktivno sudjelovanje.<\/p>\t\t\t\t\t\t\t\t<\/div>\n\t\t\t\t<\/div>\n\t\t\t\t<div class=\"elementor-element elementor-element-9072095 elementor-tablet-align-justify elementor-widget-tablet__width-inherit elementor-align-center elementor-widget__width-inherit elementor-widget elementor-widget-button\" data-id=\"9072095\" data-element_type=\"widget\" data-e-type=\"widget\" data-widget_type=\"button.default\">\n\t\t\t\t<div class=\"elementor-widget-container\">\n\t\t\t\t\t\t\t\t\t<div class=\"elementor-button-wrapper\">\n\t\t\t\t\t<a class=\"elementor-button elementor-button-link elementor-size-sm\" href=\"https:\/\/leaders4future.eu\/bs\/rezultati-projekta\/mjesoviti-kurs-za-radnike-s-mladima\/\">\n\t\t\t\t\t\t<span class=\"elementor-button-content-wrapper\">\n\t\t\t\t\t\t\t\t\t<span class=\"elementor-button-text\">Mje\u0161oviti Kurs Za Radnike S Mladima<\/span>\n\t\t\t\t\t<\/span>\n\t\t\t\t\t<\/a>\n\t\t\t\t<\/div>\n\t\t\t\t\t\t\t\t<\/div>\n\t\t\t\t<\/div>\n\t\t\t\t<\/div>\n\t\t<div class=\"elementor-element elementor-element-9d564eb e-con-full e-transform e-flex e-con e-child\" data-id=\"9d564eb\" data-element_type=\"container\" data-e-type=\"container\" data-settings=\"{&quot;background_background&quot;:&quot;classic&quot;,&quot;jet_parallax_layout_list&quot;:[],&quot;_transform_translateY_effect_hover&quot;:{&quot;unit&quot;:&quot;px&quot;,&quot;size&quot;:-20,&quot;sizes&quot;:[]},&quot;_transform_translateX_effect_hover&quot;:{&quot;unit&quot;:&quot;px&quot;,&quot;size&quot;:&quot;&quot;,&quot;sizes&quot;:[]},&quot;_transform_translateX_effect_hover_tablet&quot;:{&quot;unit&quot;:&quot;px&quot;,&quot;size&quot;:&quot;&quot;,&quot;sizes&quot;:[]},&quot;_transform_translateX_effect_hover_mobile&quot;:{&quot;unit&quot;:&quot;px&quot;,&quot;size&quot;:&quot;&quot;,&quot;sizes&quot;:[]},&quot;_transform_translateY_effect_hover_tablet&quot;:{&quot;unit&quot;:&quot;px&quot;,&quot;size&quot;:&quot;&quot;,&quot;sizes&quot;:[]},&quot;_transform_translateY_effect_hover_mobile&quot;:{&quot;unit&quot;:&quot;px&quot;,&quot;size&quot;:&quot;&quot;,&quot;sizes&quot;:[]}}\">\n\t\t\t\t<div class=\"elementor-element elementor-element-7c25db2 elementor-widget elementor-widget-heading\" data-id=\"7c25db2\" data-element_type=\"widget\" data-e-type=\"widget\" data-widget_type=\"heading.default\">\n\t\t\t\t<div class=\"elementor-widget-container\">\n\t\t\t\t\t<h2 class=\"elementor-heading-title elementor-size-default\">Studijski posjet u Norve\u0161koj<\/h2>\t\t\t\t<\/div>\n\t\t\t\t<\/div>\n\t\t\t\t<div class=\"elementor-element elementor-element-9ac6e6f elementor-widget elementor-widget-text-editor\" data-id=\"9ac6e6f\" data-element_type=\"widget\" data-e-type=\"widget\" data-widget_type=\"text-editor.default\">\n\t\t\t\t<div class=\"elementor-widget-container\">\n\t\t\t\t\t\t\t\t\t<p>Studijska posjeta Leaders for Future okupila je 21 omladinskog radnika s ciljem istra\u017eivanja inovacijskog ekosistema Norve\u0161ke. Program je kombinirao iskustveno u\u010denje s umre\u017eavanjem na visokom nivou. U\u010desnici su u\u010destvovali u ideathonu dru\u0161tvenog uticaja u Charge Incubatoru i razgovarali o mentorskim strategijama s ambasadorom u Ambasadi Kosova. Detaljan uvid u Oslo Science Park i StartupLab pru\u017eio je saznanja o skaliranju tehnolo\u0161kih preduze\u0107a, dok ih je INxRS Demo Day povezao s nordijskim investitorima. Posjeta je istaknula \u201eekonomiju povjerenja\u201c i opremila grupu alatima za podr\u0161ku prelasku mladih poduzetnica s ovisnosti o grantovima na spremnost za investicije.<\/p>\t\t\t\t\t\t\t\t<\/div>\n\t\t\t\t<\/div>\n\t\t\t\t<div class=\"elementor-element elementor-element-10f59c9 elementor-tablet-align-justify elementor-widget-tablet__width-inherit elementor-align-center elementor-widget__width-inherit elementor-widget elementor-widget-button\" data-id=\"10f59c9\" data-element_type=\"widget\" data-e-type=\"widget\" data-widget_type=\"button.default\">\n\t\t\t\t<div class=\"elementor-widget-container\">\n\t\t\t\t\t\t\t\t\t<div class=\"elementor-button-wrapper\">\n\t\t\t\t\t<a class=\"elementor-button elementor-button-link elementor-size-sm\" href=\"https:\/\/leaders4future.eu\/bs\/rezultati-projekta\/studijska-posjeta-u-norveskoj\/\">\n\t\t\t\t\t\t<span class=\"elementor-button-content-wrapper\">\n\t\t\t\t\t\t\t\t\t<span class=\"elementor-button-text\">Studijska Posjeta U Norve\u0161koj<\/span>\n\t\t\t\t\t<\/span>\n\t\t\t\t\t<\/a>\n\t\t\t\t<\/div>\n\t\t\t\t\t\t\t\t<\/div>\n\t\t\t\t<\/div>\n\t\t\t\t<\/div>\n\t\t\t\t<\/div>\n\t\t\t\t\t<\/div>\n\t\t\t\t<\/div>\n\t\t<div class=\"elementor-element elementor-element-26bb237 e-flex e-con-boxed e-con e-parent\" data-id=\"26bb237\" data-element_type=\"container\" data-e-type=\"container\" id=\"3\" data-settings=\"{&quot;background_background&quot;:&quot;classic&quot;,&quot;jet_parallax_layout_list&quot;:[]}\">\n\t\t\t\t\t<div class=\"e-con-inner\">\n\t\t<div class=\"elementor-element elementor-element-f4769ba e-con-full e-flex e-con e-child\" data-id=\"f4769ba\" data-element_type=\"container\" data-e-type=\"container\" data-settings=\"{&quot;jet_parallax_layout_list&quot;:[]}\">\n\t\t<div class=\"elementor-element elementor-element-c943c03 animated-fast e-flex e-con-boxed elementor-invisible e-con e-child\" data-id=\"c943c03\" data-element_type=\"container\" data-e-type=\"container\" data-settings=\"{&quot;jet_parallax_layout_list&quot;:[],&quot;animation&quot;:&quot;fadeInLeft&quot;}\">\n\t\t\t\t\t<div class=\"e-con-inner\">\n\t\t\t\t<div class=\"elementor-element elementor-element-1751e65 animated-fast elementor-invisible elementor-widget elementor-widget-heading\" data-id=\"1751e65\" data-element_type=\"widget\" data-e-type=\"widget\" data-settings=\"{&quot;_animation&quot;:&quot;fadeInLeft&quot;}\" data-widget_type=\"heading.default\">\n\t\t\t\t<div class=\"elementor-widget-container\">\n\t\t\t\t\t<h2 class=\"elementor-heading-title elementor-size-default\">Uspostava to\u010daka podr\u0161ke i izgradnja kapaciteta za rad s mladima<\/h2>\t\t\t\t<\/div>\n\t\t\t\t<\/div>\n\t\t\t\t<div class=\"elementor-element elementor-element-85139cb elementor-widget elementor-widget-text-editor\" data-id=\"85139cb\" data-element_type=\"widget\" data-e-type=\"widget\" data-widget_type=\"text-editor.default\">\n\t\t\t\t<div class=\"elementor-widget-container\">\n\t\t\t\t\t\t\t\t\t<p>Ovaj odjeljak isti\u010de skup inicijativa usmjerenih na osna\u017eivanje osoba koje rade s mladima i organizacija za podr\u0161ku mladim \u017eenama u razvoju poduzetni\u010dkih vje\u0161tina. Projekt pru\u017ea prakti\u010dne alate, prilago\u0111ene metodologije i mogu\u0107nosti izgradnje kapaciteta koje poma\u017eu u uspostavljanju lokalnih to\u010daka podr\u0161ke u suradnji s \u010delnicima zajednice. Ove to\u010dke podr\u0161ke slu\u017ee kao bi omogu\u0107ili dostupnst resursa za usmjeravanje i mentorstvo, stvaraju\u0107i odr\u017eivi okvir za dugoro\u010dni utjecaj. Kroz namjensku obuku i prakti\u010dno u\u010denje, osobe koje rade s mladima pobolj\u0161avaju svoju sposobnost mentoriranja, podu\u010davanja i motiviranja mladih \u017eena. Kao rezultat, mlade \u017eene stje\u010du znanje, samopouzdanje i podr\u0161ku potrebnu za pretvaranje svojih ideja u odr\u017eive poslovne prilike.<\/p>\t\t\t\t\t\t\t\t<\/div>\n\t\t\t\t<\/div>\n\t\t\t\t\t<\/div>\n\t\t\t\t<\/div>\n\t\t\t\t<div class=\"elementor-element elementor-element-a3abce6 animated-fast elementor-invisible elementor-widget elementor-widget-image\" data-id=\"a3abce6\" data-element_type=\"widget\" data-e-type=\"widget\" data-settings=\"{&quot;_animation&quot;:&quot;fadeInRight&quot;}\" data-widget_type=\"image.default\">\n\t\t\t\t<div class=\"elementor-widget-container\">\n\t\t\t\t\t\t\t\t\t\t\t\t\t\t\t<img loading=\"lazy\" decoding=\"async\" width=\"2000\" height=\"1334\" src=\"https:\/\/leaders4future.eu\/wp-content\/uploads\/2025\/05\/sable-flow-o-6GhmpELnw-unsplash.webp\" class=\"attachment-full size-full wp-image-2241\" alt=\"\" srcset=\"https:\/\/leaders4future.eu\/wp-content\/uploads\/2025\/05\/sable-flow-o-6GhmpELnw-unsplash.webp 2000w, https:\/\/leaders4future.eu\/wp-content\/uploads\/2025\/05\/sable-flow-o-6GhmpELnw-unsplash-300x200.webp 300w, https:\/\/leaders4future.eu\/wp-content\/uploads\/2025\/05\/sable-flow-o-6GhmpELnw-unsplash-1024x683.webp 1024w, https:\/\/leaders4future.eu\/wp-content\/uploads\/2025\/05\/sable-flow-o-6GhmpELnw-unsplash-768x512.webp 768w, https:\/\/leaders4future.eu\/wp-content\/uploads\/2025\/05\/sable-flow-o-6GhmpELnw-unsplash-1536x1025.webp 1536w\" sizes=\"(max-width: 2000px) 100vw, 2000px\" \/>\t\t\t\t\t\t\t\t\t\t\t\t\t\t\t<\/div>\n\t\t\t\t<\/div>\n\t\t\t\t<\/div>\n\t\t\t\t<div class=\"elementor-element elementor-element-1f77387 elementor-widget-divider--view-line elementor-widget elementor-widget-divider\" data-id=\"1f77387\" data-element_type=\"widget\" data-e-type=\"widget\" data-widget_type=\"divider.default\">\n\t\t\t\t<div class=\"elementor-widget-container\">\n\t\t\t\t\t\t\t<div class=\"elementor-divider\">\n\t\t\t<span class=\"elementor-divider-separator\">\n\t\t\t\t\t\t<\/span>\n\t\t<\/div>\n\t\t\t\t\t\t<\/div>\n\t\t\t\t<\/div>\n\t\t<div class=\"elementor-element elementor-element-1678155 e-grid e-con-full e-con e-child\" data-id=\"1678155\" data-element_type=\"container\" data-e-type=\"container\" data-settings=\"{&quot;jet_parallax_layout_list&quot;:[]}\">\n\t\t<div class=\"elementor-element elementor-element-6a9a46c e-con-full e-transform e-flex e-con e-child\" data-id=\"6a9a46c\" data-element_type=\"container\" data-e-type=\"container\" data-settings=\"{&quot;background_background&quot;:&quot;classic&quot;,&quot;jet_parallax_layout_list&quot;:[],&quot;_transform_translateY_effect_hover&quot;:{&quot;unit&quot;:&quot;px&quot;,&quot;size&quot;:-20,&quot;sizes&quot;:[]},&quot;_transform_translateX_effect_hover&quot;:{&quot;unit&quot;:&quot;px&quot;,&quot;size&quot;:&quot;&quot;,&quot;sizes&quot;:[]},&quot;_transform_translateX_effect_hover_tablet&quot;:{&quot;unit&quot;:&quot;px&quot;,&quot;size&quot;:&quot;&quot;,&quot;sizes&quot;:[]},&quot;_transform_translateX_effect_hover_mobile&quot;:{&quot;unit&quot;:&quot;px&quot;,&quot;size&quot;:&quot;&quot;,&quot;sizes&quot;:[]},&quot;_transform_translateY_effect_hover_tablet&quot;:{&quot;unit&quot;:&quot;px&quot;,&quot;size&quot;:&quot;&quot;,&quot;sizes&quot;:[]},&quot;_transform_translateY_effect_hover_mobile&quot;:{&quot;unit&quot;:&quot;px&quot;,&quot;size&quot;:&quot;&quot;,&quot;sizes&quot;:[]}}\">\n\t\t\t\t<div class=\"elementor-element elementor-element-f5ad091 elementor-widget elementor-widget-heading\" data-id=\"f5ad091\" data-element_type=\"widget\" data-e-type=\"widget\" data-widget_type=\"heading.default\">\n\t\t\t\t<div class=\"elementor-widget-container\">\n\t\t\t\t\t<h2 class=\"elementor-heading-title elementor-size-default\">Smjernice za odabir mladih radnika za mobilnost, promicanje mobilnosti i uspostavljanje to\u010daka podr\u0161ke<\/h2>\t\t\t\t<\/div>\n\t\t\t\t<\/div>\n\t\t\t\t<div class=\"elementor-element elementor-element-9811b60 elementor-widget elementor-widget-text-editor\" data-id=\"9811b60\" data-element_type=\"widget\" data-e-type=\"widget\" data-widget_type=\"text-editor.default\">\n\t\t\t\t<div class=\"elementor-widget-container\">\n\t\t\t\t\t\t\t\t\t<p>Ovaj rezultat predstavlja skup prakti\u010dnih smjernica za odabir mladih radnika koji sudjeluju u me\u0111unarodnom programu mobilnosti. Ocrtava jasne kriterije za identifikaciju prikladnih kandidata, pru\u017ea strategije za promicanje mogu\u0107nosti mobilnosti u partnerskim zemljama i uklju\u010duje preporuke za osnivanje lokalnih to\u010daka podr\u0161ke.<\/p><p>Za preuzimanje smjernica kliknite ovdje.<\/p>\t\t\t\t\t\t\t\t<\/div>\n\t\t\t\t<\/div>\n\t\t\t\t<\/div>\n\t\t<div class=\"elementor-element elementor-element-2649149 e-con-full e-transform e-flex e-con e-child\" data-id=\"2649149\" data-element_type=\"container\" data-e-type=\"container\" data-settings=\"{&quot;background_background&quot;:&quot;classic&quot;,&quot;jet_parallax_layout_list&quot;:[],&quot;_transform_translateY_effect_hover&quot;:{&quot;unit&quot;:&quot;px&quot;,&quot;size&quot;:-20,&quot;sizes&quot;:[]},&quot;_transform_translateX_effect_hover&quot;:{&quot;unit&quot;:&quot;px&quot;,&quot;size&quot;:&quot;&quot;,&quot;sizes&quot;:[]},&quot;_transform_translateX_effect_hover_tablet&quot;:{&quot;unit&quot;:&quot;px&quot;,&quot;size&quot;:&quot;&quot;,&quot;sizes&quot;:[]},&quot;_transform_translateX_effect_hover_mobile&quot;:{&quot;unit&quot;:&quot;px&quot;,&quot;size&quot;:&quot;&quot;,&quot;sizes&quot;:[]},&quot;_transform_translateY_effect_hover_tablet&quot;:{&quot;unit&quot;:&quot;px&quot;,&quot;size&quot;:&quot;&quot;,&quot;sizes&quot;:[]},&quot;_transform_translateY_effect_hover_mobile&quot;:{&quot;unit&quot;:&quot;px&quot;,&quot;size&quot;:&quot;&quot;,&quot;sizes&quot;:[]}}\">\n\t\t\t\t<div class=\"elementor-element elementor-element-276f9b3 elementor-widget elementor-widget-heading\" data-id=\"276f9b3\" data-element_type=\"widget\" data-e-type=\"widget\" data-widget_type=\"heading.default\">\n\t\t\t\t<div class=\"elementor-widget-container\">\n\t\t\t\t\t<h2 class=\"elementor-heading-title elementor-size-default\">Trodnevna mobilnost za izgradnju kapaciteta za radnike s mladima u Gr\u010dkoj.<\/h2>\t\t\t\t<\/div>\n\t\t\t\t<\/div>\n\t\t\t\t<div class=\"elementor-element elementor-element-3013486 elementor-widget elementor-widget-text-editor\" data-id=\"3013486\" data-element_type=\"widget\" data-e-type=\"widget\" data-widget_type=\"text-editor.default\">\n\t\t\t\t<div class=\"elementor-widget-container\">\n\t\t\t\t\t\t\t\t\t<p>Kako bi se kombinirana obuka o\u017eivjela, u Trikali u Gr\u010dkoj odr\u017eat \u0107e se trodnevna me\u0111unarodna mobilnost koja \u0107e okupiti 21 radnika s mladima iz svih partnerskih zemalja. Sudionici, nakon zavr\u0161etka online i osobne obuke, sudjelovat \u0107e u prakti\u010dnim sesijama osmi\u0161ljenim za ja\u010danje njihove sposobnosti pru\u017eanja podr\u0161ke mladim \u017eenama u poduzetni\u0161tvu. Aktivnosti \u0107e uklju\u010divati igranje uloga, simulacije i posjete lokalnim inicijativama, s jakim naglaskom na prakti\u010dno vodstvo i rodno osjetljive pristupe.<\/p><p>Za vi\u0161e informacija o mobilnosti kliknite ovdje.<\/p>\t\t\t\t\t\t\t\t<\/div>\n\t\t\t\t<\/div>\n\t\t\t\t<\/div>\n\t\t<div class=\"elementor-element elementor-element-447ba8a e-con-full e-transform e-flex e-con e-child\" data-id=\"447ba8a\" data-element_type=\"container\" data-e-type=\"container\" data-settings=\"{&quot;background_background&quot;:&quot;classic&quot;,&quot;jet_parallax_layout_list&quot;:[],&quot;_transform_translateY_effect_hover&quot;:{&quot;unit&quot;:&quot;px&quot;,&quot;size&quot;:-20,&quot;sizes&quot;:[]},&quot;_transform_translateX_effect_hover&quot;:{&quot;unit&quot;:&quot;px&quot;,&quot;size&quot;:&quot;&quot;,&quot;sizes&quot;:[]},&quot;_transform_translateX_effect_hover_tablet&quot;:{&quot;unit&quot;:&quot;px&quot;,&quot;size&quot;:&quot;&quot;,&quot;sizes&quot;:[]},&quot;_transform_translateX_effect_hover_mobile&quot;:{&quot;unit&quot;:&quot;px&quot;,&quot;size&quot;:&quot;&quot;,&quot;sizes&quot;:[]},&quot;_transform_translateY_effect_hover_tablet&quot;:{&quot;unit&quot;:&quot;px&quot;,&quot;size&quot;:&quot;&quot;,&quot;sizes&quot;:[]},&quot;_transform_translateY_effect_hover_mobile&quot;:{&quot;unit&quot;:&quot;px&quot;,&quot;size&quot;:&quot;&quot;,&quot;sizes&quot;:[]}}\">\n\t\t\t\t<div class=\"elementor-element elementor-element-20d560a elementor-widget elementor-widget-heading\" data-id=\"20d560a\" data-element_type=\"widget\" data-e-type=\"widget\" data-widget_type=\"heading.default\">\n\t\t\t\t<div class=\"elementor-widget-container\">\n\t\t\t\t\t<h2 class=\"elementor-heading-title elementor-size-default\">To\u010dke podr\u0161ke<\/h2>\t\t\t\t<\/div>\n\t\t\t\t<\/div>\n\t\t\t\t<div class=\"elementor-element elementor-element-479c484 elementor-widget elementor-widget-text-editor\" data-id=\"479c484\" data-element_type=\"widget\" data-e-type=\"widget\" data-widget_type=\"text-editor.default\">\n\t\t\t\t<div class=\"elementor-widget-container\">\n\t\t\t\t\t\t\t\t\t<p>U svakoj partnerskoj zemlji bit \u0107e uspostavljene to\u010dke podr\u0161ke kako bi se mladim \u017eenama pru\u017eilo vodstvo i mentorstvo dok istra\u017euju poduzetni\u0161tvo. Ovi prostori nudit \u0107e osobnu ili online podr\u0161ku barem jednom tjedno, koju \u0107e voditi obu\u010deni radnici s mladima. Osim individualne podr\u0161ke, to\u010dke \u0107e slu\u017eiti kao pristupa\u010dna sredi\u0161ta opremljena promotivnim materijalima i prakti\u010dnim resursima. Cilj je osigurati njihov kontinuitet i nakon projekta, pretvaraju\u0107i ih u trajnu imovinu za lokalne zajednice.<\/p><p>Za vi\u0161e informacija o mobilnosti kliknite ovdje.<\/p>\t\t\t\t\t\t\t\t<\/div>\n\t\t\t\t<\/div>\n\t\t\t\t<\/div>\n\t\t<div class=\"elementor-element elementor-element-2f9a4c9 e-con-full e-transform e-flex e-con e-child\" data-id=\"2f9a4c9\" data-element_type=\"container\" data-e-type=\"container\" data-settings=\"{&quot;background_background&quot;:&quot;classic&quot;,&quot;jet_parallax_layout_list&quot;:[],&quot;_transform_translateY_effect_hover&quot;:{&quot;unit&quot;:&quot;px&quot;,&quot;size&quot;:-20,&quot;sizes&quot;:[]},&quot;_transform_translateX_effect_hover&quot;:{&quot;unit&quot;:&quot;px&quot;,&quot;size&quot;:&quot;&quot;,&quot;sizes&quot;:[]},&quot;_transform_translateX_effect_hover_tablet&quot;:{&quot;unit&quot;:&quot;px&quot;,&quot;size&quot;:&quot;&quot;,&quot;sizes&quot;:[]},&quot;_transform_translateX_effect_hover_mobile&quot;:{&quot;unit&quot;:&quot;px&quot;,&quot;size&quot;:&quot;&quot;,&quot;sizes&quot;:[]},&quot;_transform_translateY_effect_hover_tablet&quot;:{&quot;unit&quot;:&quot;px&quot;,&quot;size&quot;:&quot;&quot;,&quot;sizes&quot;:[]},&quot;_transform_translateY_effect_hover_mobile&quot;:{&quot;unit&quot;:&quot;px&quot;,&quot;size&quot;:&quot;&quot;,&quot;sizes&quot;:[]}}\">\n\t\t\t\t<div class=\"elementor-element elementor-element-b343663 elementor-widget elementor-widget-heading\" data-id=\"b343663\" data-element_type=\"widget\" data-e-type=\"widget\" data-widget_type=\"heading.default\">\n\t\t\t\t<div class=\"elementor-widget-container\">\n\t\t\t\t\t<h2 class=\"elementor-heading-title elementor-size-default\">Radionice s mladim \u017eenama koje organiziraju radnici s mladima<\/h2>\t\t\t\t<\/div>\n\t\t\t\t<\/div>\n\t\t\t\t<div class=\"elementor-element elementor-element-836feb4 elementor-widget elementor-widget-text-editor\" data-id=\"836feb4\" data-element_type=\"widget\" data-e-type=\"widget\" data-widget_type=\"text-editor.default\">\n\t\t\t\t<div class=\"elementor-widget-container\">\n\t\t\t\t\t\t\t\t\t<p>Radionice za mlade \u017eene bit \u0107e organizirane na to\u010dkama podr\u0161ke. Svaka radionica \u0107e uklju\u010divati 10 sudionica kroz kombinaciju sesija u\u017eivo i online aktivnosti. Osmi\u0161ljen da bude uklju\u010div i prakti\u010dan, format se mo\u017ee prilagoditi potrebama \u017eena s ograni\u010denom mobilno\u0161\u0107u ili onih koje \u017eive u udaljenim podru\u010djima. Radionice \u0107e se odr\u017eavati 2 dana na licu mjesta, nakon \u010dega slijedi 5 dana online anga\u017emana. Aktivnosti \u0107e se usredoto\u010diti na izgradnju poduzetni\u010dkih vje\u0161tina, s posebnim naglaskom na podr\u0161ku \u017eenama s manje mogu\u0107nosti.<\/p><p>Za vi\u0161e informacija o radionicama, kliknite ovdje.<\/p>\t\t\t\t\t\t\t\t<\/div>\n\t\t\t\t<\/div>\n\t\t\t\t<\/div>\n\t\t<div class=\"ep-section-eql-height elementor-element elementor-element-2b2e85b e-con-full e-transform e-flex e-con e-child\" bdt-height-match=\"target: .ep-section-eql-height card\" data-id=\"2b2e85b\" data-element_type=\"container\" data-e-type=\"container\" data-settings=\"{&quot;background_background&quot;:&quot;classic&quot;,&quot;jet_parallax_layout_list&quot;:[],&quot;_transform_translateY_effect_hover&quot;:{&quot;unit&quot;:&quot;px&quot;,&quot;size&quot;:-20,&quot;sizes&quot;:[]},&quot;_transform_translateX_effect_hover&quot;:{&quot;unit&quot;:&quot;px&quot;,&quot;size&quot;:&quot;&quot;,&quot;sizes&quot;:[]},&quot;_transform_translateX_effect_hover_tablet&quot;:{&quot;unit&quot;:&quot;px&quot;,&quot;size&quot;:&quot;&quot;,&quot;sizes&quot;:[]},&quot;_transform_translateX_effect_hover_mobile&quot;:{&quot;unit&quot;:&quot;px&quot;,&quot;size&quot;:&quot;&quot;,&quot;sizes&quot;:[]},&quot;_transform_translateY_effect_hover_tablet&quot;:{&quot;unit&quot;:&quot;px&quot;,&quot;size&quot;:&quot;&quot;,&quot;sizes&quot;:[]},&quot;_transform_translateY_effect_hover_mobile&quot;:{&quot;unit&quot;:&quot;px&quot;,&quot;size&quot;:&quot;&quot;,&quot;sizes&quot;:[]}}\">\n\t\t\t\t<div class=\"elementor-element elementor-element-c083ec5 elementor-widget elementor-widget-heading\" data-id=\"c083ec5\" data-element_type=\"widget\" data-e-type=\"widget\" data-widget_type=\"heading.default\">\n\t\t\t\t<div class=\"elementor-widget-container\">\n\t\t\t\t\t<h2 class=\"elementor-heading-title elementor-size-default\">Nacionalni hub<\/h2>\t\t\t\t<\/div>\n\t\t\t\t<\/div>\n\t\t\t\t<div class=\"elementor-element elementor-element-4253e15 elementor-widget elementor-widget-text-editor\" data-id=\"4253e15\" data-element_type=\"widget\" data-e-type=\"widget\" data-widget_type=\"text-editor.default\">\n\t\t\t\t<div class=\"elementor-widget-container\">\n\t\t\t\t\t\t\t\t\t<p>U svakoj partnerskoj zemlji bit \u0107e organizirano nacionalni hub za predstavljanje projekta i povezivanje mladih s inspirativnim poduzetnicima. Ovi doga\u0111aji ujedno \u0107e obilje\u017eiti i slu\u017ebeno pokretanje natjecanja &#8220;Izradi vlastiti poslovni plan&#8221;.<\/p><p>Hubovi \u0107e ponuditi sudionicima priliku za razmjenu ideja, primanje smjernica i ja\u010danje poduzetni\u010dkog na\u010dina razmi\u0161ljanja. Svaki Hub okupit \u0107e oko 210 sudionika na trosatnom programu koji kombinira umre\u017eavanje, inspiraciju i prakti\u010dne informacije.<\/p><p>Za vi\u0161e informacija o radionicama, kliknite ovdje.<\/p>\t\t\t\t\t\t\t\t<\/div>\n\t\t\t\t<\/div>\n\t\t\t\t<\/div>\n\t\t\t\t<\/div>\n\t\t\t\t\t<\/div>\n\t\t\t\t<\/div>\n\t\t<div class=\"elementor-element elementor-element-0995c61 e-flex e-con-boxed e-con e-parent\" data-id=\"0995c61\" data-element_type=\"container\" data-e-type=\"container\" id=\"4\" data-settings=\"{&quot;background_background&quot;:&quot;classic&quot;,&quot;jet_parallax_layout_list&quot;:[]}\">\n\t\t\t\t\t<div class=\"e-con-inner\">\n\t\t<div class=\"elementor-element elementor-element-8fb2ca0 e-con-full e-flex e-con e-child\" data-id=\"8fb2ca0\" data-element_type=\"container\" data-e-type=\"container\" data-settings=\"{&quot;jet_parallax_layout_list&quot;:[]}\">\n\t\t<div class=\"elementor-element elementor-element-87cc780 animated-fast e-flex e-con-boxed elementor-invisible e-con e-child\" data-id=\"87cc780\" data-element_type=\"container\" data-e-type=\"container\" data-settings=\"{&quot;jet_parallax_layout_list&quot;:[],&quot;animation&quot;:&quot;fadeInLeft&quot;}\">\n\t\t\t\t\t<div class=\"e-con-inner\">\n\t\t\t\t<div class=\"elementor-element elementor-element-eb764fc animated-fast elementor-invisible elementor-widget elementor-widget-heading\" data-id=\"eb764fc\" data-element_type=\"widget\" data-e-type=\"widget\" data-settings=\"{&quot;_animation&quot;:&quot;fadeInLeft&quot;}\" data-widget_type=\"heading.default\">\n\t\t\t\t<div class=\"elementor-widget-container\">\n\t\t\t\t\t<h2 class=\"elementor-heading-title elementor-size-default\">Promocija projekta, nacionalno i me\u0111unarodno natjecanje<\/h2>\t\t\t\t<\/div>\n\t\t\t\t<\/div>\n\t\t\t\t<div class=\"elementor-element elementor-element-7b532e2 elementor-widget elementor-widget-text-editor\" data-id=\"7b532e2\" data-element_type=\"widget\" data-e-type=\"widget\" data-widget_type=\"text-editor.default\">\n\t\t\t\t<div class=\"elementor-widget-container\">\n\t\t\t\t\t\t\t\t\t<p>Ovaj je projekt posve\u0107en osna\u017eivanju mladih \u017eena da svoje poduzetni\u010dke ideje pretvore u uspje\u0161ne poslovne pothvate. Kombiniranjem lokalnih i europskih napora, cilj mu je poticanje inovacija, samopouzdanja i liderstva me\u0111u ambicioznim poduzetnicama.<\/p><p>Kroz opse\u017ene napore \u0161irenja informacija, projekt \u0107e dosegnuti \u0161iroku publiku, dijele\u0107i inspirativne pri\u010de, prakti\u010dne resurse i postignu\u0107a sudionika na nacionalnoj i me\u0111unarodnoj razini. Od natjecanja u poslovnim planovima i kreativnih prilika za predstavljanje do umre\u017eavanja i konferencija, mlade \u017eene bit \u0107e podr\u017eane tijekom cijelog svog poduzetni\u010dkog putovanja.<\/p><p>Projekt ne te\u017ei samo inspirirati pojedince ve\u0107 i stvoriti pozitivnu i trajnu dru\u0161tvenu promjenu &#8211; \u010dine\u0107i poduzetni\u0161tvo uklju\u010divijim, dostupnijim i utjecajnijim.<\/p>\t\t\t\t\t\t\t\t<\/div>\n\t\t\t\t<\/div>\n\t\t\t\t\t<\/div>\n\t\t\t\t<\/div>\n\t\t\t\t<div class=\"elementor-element elementor-element-1a42631 animated-fast elementor-invisible elementor-widget elementor-widget-image\" data-id=\"1a42631\" data-element_type=\"widget\" data-e-type=\"widget\" data-settings=\"{&quot;_animation&quot;:&quot;fadeInRight&quot;}\" data-widget_type=\"image.default\">\n\t\t\t\t<div class=\"elementor-widget-container\">\n\t\t\t\t\t\t\t\t\t\t\t\t\t\t\t<img loading=\"lazy\" decoding=\"async\" width=\"1024\" height=\"1024\" src=\"https:\/\/leaders4future.eu\/wp-content\/uploads\/2025\/05\/Targer-Groups-6.webp\" class=\"attachment-full size-full wp-image-2286\" alt=\"\" srcset=\"https:\/\/leaders4future.eu\/wp-content\/uploads\/2025\/05\/Targer-Groups-6.webp 1024w, https:\/\/leaders4future.eu\/wp-content\/uploads\/2025\/05\/Targer-Groups-6-300x300.webp 300w, https:\/\/leaders4future.eu\/wp-content\/uploads\/2025\/05\/Targer-Groups-6-150x150.webp 150w, https:\/\/leaders4future.eu\/wp-content\/uploads\/2025\/05\/Targer-Groups-6-768x768.webp 768w\" sizes=\"(max-width: 1024px) 100vw, 1024px\" \/>\t\t\t\t\t\t\t\t\t\t\t\t\t\t\t<\/div>\n\t\t\t\t<\/div>\n\t\t\t\t<\/div>\n\t\t\t\t<div class=\"elementor-element elementor-element-92d739e elementor-widget-divider--view-line elementor-widget elementor-widget-divider\" data-id=\"92d739e\" data-element_type=\"widget\" data-e-type=\"widget\" data-widget_type=\"divider.default\">\n\t\t\t\t<div class=\"elementor-widget-container\">\n\t\t\t\t\t\t\t<div class=\"elementor-divider\">\n\t\t\t<span class=\"elementor-divider-separator\">\n\t\t\t\t\t\t<\/span>\n\t\t<\/div>\n\t\t\t\t\t\t<\/div>\n\t\t\t\t<\/div>\n\t\t<div class=\"elementor-element elementor-element-a6bb905 e-grid e-con-full e-con e-child\" data-id=\"a6bb905\" data-element_type=\"container\" data-e-type=\"container\" data-settings=\"{&quot;jet_parallax_layout_list&quot;:[]}\">\n\t\t<div class=\"elementor-element elementor-element-66082d7 e-con-full e-transform e-flex e-con e-child\" data-id=\"66082d7\" data-element_type=\"container\" data-e-type=\"container\" data-settings=\"{&quot;background_background&quot;:&quot;classic&quot;,&quot;jet_parallax_layout_list&quot;:[],&quot;_transform_translateY_effect_hover&quot;:{&quot;unit&quot;:&quot;px&quot;,&quot;size&quot;:-20,&quot;sizes&quot;:[]},&quot;_transform_translateX_effect_hover&quot;:{&quot;unit&quot;:&quot;px&quot;,&quot;size&quot;:&quot;&quot;,&quot;sizes&quot;:[]},&quot;_transform_translateX_effect_hover_tablet&quot;:{&quot;unit&quot;:&quot;px&quot;,&quot;size&quot;:&quot;&quot;,&quot;sizes&quot;:[]},&quot;_transform_translateX_effect_hover_mobile&quot;:{&quot;unit&quot;:&quot;px&quot;,&quot;size&quot;:&quot;&quot;,&quot;sizes&quot;:[]},&quot;_transform_translateY_effect_hover_tablet&quot;:{&quot;unit&quot;:&quot;px&quot;,&quot;size&quot;:&quot;&quot;,&quot;sizes&quot;:[]},&quot;_transform_translateY_effect_hover_mobile&quot;:{&quot;unit&quot;:&quot;px&quot;,&quot;size&quot;:&quot;&quot;,&quot;sizes&quot;:[]}}\">\n\t\t\t\t<div class=\"elementor-element elementor-element-6a0a1c5 elementor-widget elementor-widget-heading\" data-id=\"6a0a1c5\" data-element_type=\"widget\" data-e-type=\"widget\" data-widget_type=\"heading.default\">\n\t\t\t\t<div class=\"elementor-widget-container\">\n\t\t\t\t\t<h2 class=\"elementor-heading-title elementor-size-default\">Nacionalno natjecanje poslovnih ideja<\/h2>\t\t\t\t<\/div>\n\t\t\t\t<\/div>\n\t\t\t\t<div class=\"elementor-element elementor-element-71ab2ef elementor-widget elementor-widget-text-editor\" data-id=\"71ab2ef\" data-element_type=\"widget\" data-e-type=\"widget\" data-widget_type=\"text-editor.default\">\n\t\t\t\t<div class=\"elementor-widget-container\">\n\t\t\t\t\t\t\t\t\t<p>Kao dio projekta, u svakoj zemlji sudionici bit \u0107e organizirano Nacionalno natjecanje poslovnih ideja. Mladi sudionici \u0107e pripremiti i predati poslovni plan zajedno s jednominutnim video predstavljanjem, slijede\u0107i tehniku \u200b\u200belevator pitch-a. Ovi videozapisi, dostupni na lokalnim jezicima s engleskim titlovima, bit \u0107e podijeljeni na platformi projekta kako bi se osigurala dostupnost i vidljivost.<\/p><p>Lokalni odbor iz svake to\u010dke podr\u0161ke ocijenit \u0107e sve prijave i odabrati najperspektivniju ideju koja \u0107e predstavljati zemlju na me\u0111unarodnoj razini. Kako bi se predstavile odabrane ideje i rezultati nacionalnih natjecanja, organizirat \u0107e se javni doga\u0111aji u\u017eivo ili online.<\/p><p>Ukupno \u0107e 70 mladih sudionika doprinijeti svojim poslovnim idejama putem videa, koji \u0107e biti objavljeni na web stranici i otvoreni za javno glasanje.<\/p>\t\t\t\t\t\t\t\t<\/div>\n\t\t\t\t<\/div>\n\t\t\t\t<\/div>\n\t\t<div class=\"elementor-element elementor-element-b997654 e-con-full e-transform e-flex e-con e-child\" data-id=\"b997654\" data-element_type=\"container\" data-e-type=\"container\" data-settings=\"{&quot;background_background&quot;:&quot;classic&quot;,&quot;jet_parallax_layout_list&quot;:[],&quot;_transform_translateY_effect_hover&quot;:{&quot;unit&quot;:&quot;px&quot;,&quot;size&quot;:-20,&quot;sizes&quot;:[]},&quot;_transform_translateX_effect_hover&quot;:{&quot;unit&quot;:&quot;px&quot;,&quot;size&quot;:&quot;&quot;,&quot;sizes&quot;:[]},&quot;_transform_translateX_effect_hover_tablet&quot;:{&quot;unit&quot;:&quot;px&quot;,&quot;size&quot;:&quot;&quot;,&quot;sizes&quot;:[]},&quot;_transform_translateX_effect_hover_mobile&quot;:{&quot;unit&quot;:&quot;px&quot;,&quot;size&quot;:&quot;&quot;,&quot;sizes&quot;:[]},&quot;_transform_translateY_effect_hover_tablet&quot;:{&quot;unit&quot;:&quot;px&quot;,&quot;size&quot;:&quot;&quot;,&quot;sizes&quot;:[]},&quot;_transform_translateY_effect_hover_mobile&quot;:{&quot;unit&quot;:&quot;px&quot;,&quot;size&quot;:&quot;&quot;,&quot;sizes&quot;:[]}}\">\n\t\t\t\t<div class=\"elementor-element elementor-element-4367a31 elementor-widget elementor-widget-heading\" data-id=\"4367a31\" data-element_type=\"widget\" data-e-type=\"widget\" data-widget_type=\"heading.default\">\n\t\t\t\t<div class=\"elementor-widget-container\">\n\t\t\t\t\t<h2 class=\"elementor-heading-title elementor-size-default\">Zavr\u0161na konferencija, TPM i me\u0111unarodno natjecanje<\/h2>\t\t\t\t<\/div>\n\t\t\t\t<\/div>\n\t\t\t\t<div class=\"elementor-element elementor-element-44ce577 elementor-widget elementor-widget-text-editor\" data-id=\"44ce577\" data-element_type=\"widget\" data-e-type=\"widget\" data-widget_type=\"text-editor.default\">\n\t\t\t\t<div class=\"elementor-widget-container\">\n\t\t\t\t\t\t\t\t\t<p>Projekt \u0107e kulminirati zavr\u0161nom konferencijom u Reusu, gdje \u0107e pobjednici Nacionalnog natjecanja predstaviti svoje poslovne ideje me\u0111unarodnoj publici. Uz podr\u0161ku predanih mentora, sudionici \u0107e usavr\u0161iti svoje prezentacije koriste\u0107i tehniku Elevator Pitch, osiguravaju\u0107i utjecajne i zanimljive pitcheve.<\/p><p>Konferencija \u0107e biti trodnevni doga\u0111aj koji uklju\u010duje prezentacije poslovnih ideja, sesije umre\u017eavanja i interaktivne rasprave. Pru\u017eit \u0107e vrijednu priliku mladim poduzetnicima da steknu vidljivost, dobiju povratne informacije od iskusnih stru\u010dnjaka te se pove\u017eu s kolegama i dionicima.<\/p>\t\t\t\t\t\t\t\t<\/div>\n\t\t\t\t<\/div>\n\t\t\t\t<\/div>\n\t\t\t\t<\/div>\n\t\t\t\t\t<\/div>\n\t\t\t\t<\/div>\n\t\t\t\t<\/div>\n\t\t","protected":false},"excerpt":{"rendered":"<p>REZULTATI PROJEKTA Projekt Leaders for future generirat \u0107e niz konkretnih i trajnih rezultata usmjerenih na osna\u017eivanje mladih \u017eena, ja\u010danje organizacija [&hellip;]<\/p>\n","protected":false},"author":1,"featured_media":0,"parent":0,"menu_order":0,"comment_status":"closed","ping_status":"closed","template":"","meta":{"site-sidebar-layout":"no-sidebar","site-content-layout":"","ast-site-content-layout":"full-width-container","site-content-style":"default","site-sidebar-style":"default","ast-global-header-display":"","ast-banner-title-visibility":"","ast-main-header-display":"","ast-hfb-above-header-display":"","ast-hfb-below-header-display":"","ast-hfb-mobile-header-display":"","site-post-title":"disabled","ast-breadcrumbs-content":"","ast-featured-img":"disabled","footer-sml-layout":"","ast-disable-related-posts":"","theme-transparent-header-meta":"default","adv-header-id-meta":"","stick-header-meta":"","header-above-stick-meta":"","header-main-stick-meta":"","header-below-stick-meta":"","astra-migrate-meta-layouts":"set","ast-page-background-enabled":"default","ast-page-background-meta":{"desktop":{"background-color":"var(--ast-global-color-5)","background-image":"","background-repeat":"repeat","background-position":"center center","background-size":"auto","background-attachment":"scroll","background-type":"","background-media":"","overlay-type":"","overlay-color":"","overlay-opacity":"","overlay-gradient":""},"tablet":{"background-color":"","background-image":"","background-repeat":"repeat","background-position":"center center","background-size":"auto","background-attachment":"scroll","background-type":"","background-media":"","overlay-type":"","overlay-color":"","overlay-opacity":"","overlay-gradient":""},"mobile":{"background-color":"","background-image":"","background-repeat":"repeat","background-position":"center center","background-size":"auto","background-attachment":"scroll","background-type":"","background-media":"","overlay-type":"","overlay-color":"","overlay-opacity":"","overlay-gradient":""}},"ast-content-background-meta":{"desktop":{"background-color":"var(--ast-global-color-4)","background-image":"","background-repeat":"repeat","background-position":"center center","background-size":"auto","background-attachment":"scroll","background-type":"","background-media":"","overlay-type":"","overlay-color":"","overlay-opacity":"","overlay-gradient":""},"tablet":{"background-color":"var(--ast-global-color-4)","background-image":"","background-repeat":"repeat","background-position":"center center","background-size":"auto","background-attachment":"scroll","background-type":"","background-media":"","overlay-type":"","overlay-color":"","overlay-opacity":"","overlay-gradient":""},"mobile":{"background-color":"var(--ast-global-color-4)","background-image":"","background-repeat":"repeat","background-position":"center center","background-size":"auto","background-attachment":"scroll","background-type":"","background-media":"","overlay-type":"","overlay-color":"","overlay-opacity":"","overlay-gradient":""}},"footnotes":""},"class_list":["post-4926","page","type-page","status-publish","hentry"],"_links":{"self":[{"href":"https:\/\/leaders4future.eu\/bs\/wp-json\/wp\/v2\/pages\/4926","targetHints":{"allow":["GET"]}}],"collection":[{"href":"https:\/\/leaders4future.eu\/bs\/wp-json\/wp\/v2\/pages"}],"about":[{"href":"https:\/\/leaders4future.eu\/bs\/wp-json\/wp\/v2\/types\/page"}],"author":[{"embeddable":true,"href":"https:\/\/leaders4future.eu\/bs\/wp-json\/wp\/v2\/users\/1"}],"replies":[{"embeddable":true,"href":"https:\/\/leaders4future.eu\/bs\/wp-json\/wp\/v2\/comments?post=4926"}],"version-history":[{"count":61,"href":"https:\/\/leaders4future.eu\/bs\/wp-json\/wp\/v2\/pages\/4926\/revisions"}],"predecessor-version":[{"id":10718,"href":"https:\/\/leaders4future.eu\/bs\/wp-json\/wp\/v2\/pages\/4926\/revisions\/10718"}],"wp:attachment":[{"href":"https:\/\/leaders4future.eu\/bs\/wp-json\/wp\/v2\/media?parent=4926"}],"curies":[{"name":"wp","href":"https:\/\/api.w.org\/{rel}","templated":true}]}}