{"id":4588,"date":"2025-05-21T07:35:17","date_gmt":"2025-05-21T07:35:17","guid":{"rendered":"https:\/\/leaders4future.eu\/?page_id=4588"},"modified":"2025-08-26T07:19:47","modified_gmt":"2025-08-26T07:19:47","slug":"nuestro-proyecto","status":"publish","type":"page","link":"https:\/\/leaders4future.eu\/es\/nuestro-proyecto\/","title":{"rendered":"NUESTRO PROYECTO"},"content":{"rendered":"\t\t<div data-elementor-type=\"wp-page\" data-elementor-id=\"4588\" class=\"elementor elementor-4588 elementor-58\" data-elementor-post-type=\"page\">\n\t\t\t\t<div class=\"elementor-element elementor-element-4654e76 e-grid e-con-boxed e-con e-parent\" data-id=\"4654e76\" data-element_type=\"container\" data-e-type=\"container\" id=\"container\" data-settings=\"{&quot;jet_parallax_layout_list&quot;:[],&quot;background_background&quot;:&quot;classic&quot;}\">\n\t\t\t\t\t<div class=\"e-con-inner\">\n\t\t<div class=\"elementor-element elementor-element-c072852 e-con-full e-transform e-flex elementor-invisible e-con e-child\" data-id=\"c072852\" data-element_type=\"container\" data-e-type=\"container\" id=\"c1\" data-settings=\"{&quot;jet_parallax_layout_list&quot;:[],&quot;animation&quot;:&quot;fadeIn&quot;,&quot;background_background&quot;:&quot;classic&quot;,&quot;_transform_scale_effect_hover&quot;:{&quot;unit&quot;:&quot;px&quot;,&quot;size&quot;:1.02,&quot;sizes&quot;:[]},&quot;_transform_scale_effect_hover_tablet&quot;:{&quot;unit&quot;:&quot;px&quot;,&quot;size&quot;:&quot;&quot;,&quot;sizes&quot;:[]},&quot;_transform_scale_effect_hover_mobile&quot;:{&quot;unit&quot;:&quot;px&quot;,&quot;size&quot;:&quot;&quot;,&quot;sizes&quot;:[]}}\">\n\t\t\t\t<div class=\"elementor-element elementor-element-a655723 elementor-widget elementor-widget-heading\" data-id=\"a655723\" data-element_type=\"widget\" data-e-type=\"widget\" data-widget_type=\"heading.default\">\n\t\t\t\t<div class=\"elementor-widget-container\">\n\t\t\t\t\t<h2 class=\"elementor-heading-title elementor-size-default\">Empoderando a mujeres j\u00f3venes. Construyendo comunidades inclusivas<\/h2>\t\t\t\t<\/div>\n\t\t\t\t<\/div>\n\t\t\t\t<div class=\"elementor-element elementor-element-84f4e9c elementor-widget elementor-widget-text-editor\" data-id=\"84f4e9c\" data-element_type=\"widget\" data-e-type=\"widget\" data-widget_type=\"text-editor.default\">\n\t\t\t\t<div class=\"elementor-widget-container\">\n\t\t\t\t\t\t\t\t\t<p><strong>Leaders for Future<\/strong> es una iniciativa transnacional cofinanciada por la Uni\u00f3n Europea a trav\u00e9s del programa Erasmus+. El proyecto responde a dos de los desaf\u00edos m\u00e1s urgentes que enfrentan las personas j\u00f3venes hoy en d\u00eda: el acceso limitado a un empleo digno y la baja representaci\u00f3n de la juventud en los procesos democr\u00e1ticos. Se presta especial atenci\u00f3n a las mujeres j\u00f3venes y a aquellas provenientes de comunidades desfavorecidas o marginadas de Europa, los Balcanes Occidentales y regiones vecinas.<\/p>\t\t\t\t\t\t\t\t<\/div>\n\t\t\t\t<\/div>\n\t\t\t\t<\/div>\n\t\t<div class=\"elementor-element elementor-element-9eadceb e-con-full e-transform e-flex elementor-invisible e-con e-child\" data-id=\"9eadceb\" data-element_type=\"container\" data-e-type=\"container\" id=\"c2\" data-settings=\"{&quot;jet_parallax_layout_list&quot;:[],&quot;background_background&quot;:&quot;classic&quot;,&quot;animation&quot;:&quot;fadeIn&quot;,&quot;_transform_scale_effect_hover&quot;:{&quot;unit&quot;:&quot;px&quot;,&quot;size&quot;:1.02,&quot;sizes&quot;:[]},&quot;animation_delay&quot;:100,&quot;_transform_scale_effect_hover_tablet&quot;:{&quot;unit&quot;:&quot;px&quot;,&quot;size&quot;:&quot;&quot;,&quot;sizes&quot;:[]},&quot;_transform_scale_effect_hover_mobile&quot;:{&quot;unit&quot;:&quot;px&quot;,&quot;size&quot;:&quot;&quot;,&quot;sizes&quot;:[]}}\">\n\t\t\t\t<div class=\"elementor-element elementor-element-5960d0e elementor-widget elementor-widget-heading\" data-id=\"5960d0e\" data-element_type=\"widget\" data-e-type=\"widget\" data-widget_type=\"heading.default\">\n\t\t\t\t<div class=\"elementor-widget-container\">\n\t\t\t\t\t<h2 class=\"elementor-heading-title elementor-size-default\">\u00bfPor qu\u00e9 Leaders for Future?<\/h2>\t\t\t\t<\/div>\n\t\t\t\t<\/div>\n\t\t\t\t<div class=\"elementor-element elementor-element-6b6a195 elementor-widget elementor-widget-text-editor\" data-id=\"6b6a195\" data-element_type=\"widget\" data-e-type=\"widget\" data-widget_type=\"text-editor.default\">\n\t\t\t\t<div class=\"elementor-widget-container\">\n\t\t\t\t\t\t\t\t\t<p>El desempleo juvenil y las desigualdades de g\u00e9nero siguen siendo problemas estructurales que limitan el desarrollo personal y profesional de miles de mujeres j\u00f3venes. <strong>Leaders for Future<\/strong> busca eliminar estas barreras promoviendo la igualdad de g\u00e9nero, la inclusi\u00f3n social y los derechos humanos, al tiempo que proporciona a las mujeres j\u00f3venes las competencias, redes y confianza necesarias para prosperar.<\/p>\t\t\t\t\t\t\t\t<\/div>\n\t\t\t\t<\/div>\n\t\t\t\t<\/div>\n\t\t<div class=\"elementor-element elementor-element-6b46f5e e-con-full e-transform e-flex elementor-invisible e-con e-child\" data-id=\"6b46f5e\" data-element_type=\"container\" data-e-type=\"container\" id=\"c3\" data-settings=\"{&quot;jet_parallax_layout_list&quot;:[],&quot;animation&quot;:&quot;fadeIn&quot;,&quot;background_background&quot;:&quot;classic&quot;,&quot;_transform_scale_effect_hover&quot;:{&quot;unit&quot;:&quot;px&quot;,&quot;size&quot;:1.02,&quot;sizes&quot;:[]},&quot;animation_delay&quot;:200,&quot;_transform_scale_effect_hover_tablet&quot;:{&quot;unit&quot;:&quot;px&quot;,&quot;size&quot;:&quot;&quot;,&quot;sizes&quot;:[]},&quot;_transform_scale_effect_hover_mobile&quot;:{&quot;unit&quot;:&quot;px&quot;,&quot;size&quot;:&quot;&quot;,&quot;sizes&quot;:[]}}\">\n\t\t\t\t<div class=\"elementor-element elementor-element-7c2348d animated-fast text elementor-widget elementor-widget-heading\" data-id=\"7c2348d\" data-element_type=\"widget\" data-e-type=\"widget\" data-settings=\"{&quot;_animation&quot;:&quot;none&quot;}\" data-widget_type=\"heading.default\">\n\t\t\t\t<div class=\"elementor-widget-container\">\n\t\t\t\t\t<h2 class=\"elementor-heading-title elementor-size-default\">Nuestro Enfoque<\/h2>\t\t\t\t<\/div>\n\t\t\t\t<\/div>\n\t\t<div class=\"elementor-element elementor-element-d0c8dd8 e-con-full animated-fast e-flex e-con e-child\" data-id=\"d0c8dd8\" data-element_type=\"container\" data-e-type=\"container\" data-settings=\"{&quot;jet_parallax_layout_list&quot;:[],&quot;animation&quot;:&quot;none&quot;,&quot;animation_delay&quot;:800}\">\n\t\t\t\t<div class=\"elementor-element elementor-element-ff3806a elementor-widget elementor-widget-heading\" data-id=\"ff3806a\" data-element_type=\"widget\" data-e-type=\"widget\" data-widget_type=\"heading.default\">\n\t\t\t\t<div class=\"elementor-widget-container\">\n\t\t\t\t\t<h2 class=\"elementor-heading-title elementor-size-default\">1. Desarrollo de capacidades<\/h2>\t\t\t\t<\/div>\n\t\t\t\t<\/div>\n\t\t\t\t<div class=\"elementor-element elementor-element-8bc2194 elementor-widget elementor-widget-text-editor\" data-id=\"8bc2194\" data-element_type=\"widget\" data-e-type=\"widget\" data-widget_type=\"text-editor.default\">\n\t\t\t\t<div class=\"elementor-widget-container\">\n\t\t\t\t\t\t\t\t\t<p>Formamos a trabajadores juveniles para que se conviertan en mentores que apoyen a mujeres j\u00f3venes en el desarrollo de habilidades emprendedoras, liderazgo y ciudadan\u00eda activa.<\/p>\t\t\t\t\t\t\t\t<\/div>\n\t\t\t\t<\/div>\n\t\t\t\t<\/div>\n\t\t<div class=\"elementor-element elementor-element-33a59a8 e-con-full animated-fast e-flex e-con e-child\" data-id=\"33a59a8\" data-element_type=\"container\" data-e-type=\"container\" data-settings=\"{&quot;jet_parallax_layout_list&quot;:[],&quot;animation&quot;:&quot;none&quot;,&quot;animation_delay&quot;:800}\">\n\t\t\t\t<div class=\"elementor-element elementor-element-9b3c384 elementor-widget elementor-widget-heading\" data-id=\"9b3c384\" data-element_type=\"widget\" data-e-type=\"widget\" data-widget_type=\"heading.default\">\n\t\t\t\t<div class=\"elementor-widget-container\">\n\t\t\t\t\t<h2 class=\"elementor-heading-title elementor-size-default\">2. Centros de apoyo<\/h2>\t\t\t\t<\/div>\n\t\t\t\t<\/div>\n\t\t\t\t<div class=\"elementor-element elementor-element-7a8b41a elementor-widget elementor-widget-text-editor\" data-id=\"7a8b41a\" data-element_type=\"widget\" data-e-type=\"widget\" data-widget_type=\"text-editor.default\">\n\t\t\t\t<div class=\"elementor-widget-container\">\n\t\t\t\t\t\t\t\t\t<p>Establecemos puntos de apoyo locales donde las mujeres j\u00f3venes pueden acceder a orientaci\u00f3n, talleres adaptados y redes entre pares que les ayuden a crear sus propios negocios o iniciativas sociales.<\/p>\t\t\t\t\t\t\t\t<\/div>\n\t\t\t\t<\/div>\n\t\t\t\t<\/div>\n\t\t<div class=\"elementor-element elementor-element-c20a784 e-con-full animated-fast e-flex e-con e-child\" data-id=\"c20a784\" data-element_type=\"container\" data-e-type=\"container\" data-settings=\"{&quot;jet_parallax_layout_list&quot;:[],&quot;animation&quot;:&quot;none&quot;,&quot;animation_delay&quot;:800}\">\n\t\t\t\t<div class=\"elementor-element elementor-element-abd1882 elementor-widget elementor-widget-heading\" data-id=\"abd1882\" data-element_type=\"widget\" data-e-type=\"widget\" data-widget_type=\"heading.default\">\n\t\t\t\t<div class=\"elementor-widget-container\">\n\t\t\t\t\t<h2 class=\"elementor-heading-title elementor-size-default\">3. Sensibilizaci\u00f3n e incidencia<\/h2>\t\t\t\t<\/div>\n\t\t\t\t<\/div>\n\t\t\t\t<div class=\"elementor-element elementor-element-0bf640c elementor-widget elementor-widget-text-editor\" data-id=\"0bf640c\" data-element_type=\"widget\" data-e-type=\"widget\" data-widget_type=\"text-editor.default\">\n\t\t\t\t<div class=\"elementor-widget-container\">\n\t\t\t\t\t\t\t\t\t<p>A trav\u00e9s de campa\u00f1as p\u00fablicas y actividades comunitarias, promovemos la igualdad de g\u00e9nero, desafiamos estereotipos y fomentamos el liderazgo femenino.<\/p>\t\t\t\t\t\t\t\t<\/div>\n\t\t\t\t<\/div>\n\t\t\t\t<\/div>\n\t\t<div class=\"elementor-element elementor-element-474cc5c e-con-full animated-fast e-flex e-con e-child\" data-id=\"474cc5c\" data-element_type=\"container\" data-e-type=\"container\" data-settings=\"{&quot;jet_parallax_layout_list&quot;:[],&quot;animation&quot;:&quot;none&quot;,&quot;animation_delay&quot;:800}\">\n\t\t\t\t<div class=\"elementor-element elementor-element-dd71b32 elementor-widget elementor-widget-heading\" data-id=\"dd71b32\" data-element_type=\"widget\" data-e-type=\"widget\" data-widget_type=\"heading.default\">\n\t\t\t\t<div class=\"elementor-widget-container\">\n\t\t\t\t\t<h2 class=\"elementor-heading-title elementor-size-default\">4. Oportunidades y reconocimiento<\/h2>\t\t\t\t<\/div>\n\t\t\t\t<\/div>\n\t\t\t\t<div class=\"elementor-element elementor-element-762431d elementor-widget elementor-widget-text-editor\" data-id=\"762431d\" data-element_type=\"widget\" data-e-type=\"widget\" data-widget_type=\"text-editor.default\">\n\t\t\t\t<div class=\"elementor-widget-container\">\n\t\t\t\t\t\t\t\t\t<p>Organizamos concursos nacionales e internacionales para visibilizar ideas innovadoras lideradas por mujeres j\u00f3venes, ofreci\u00e9ndoles visibilidad, financiaci\u00f3n y oportunidades de networking.<\/p>\t\t\t\t\t\t\t\t<\/div>\n\t\t\t\t<\/div>\n\t\t\t\t<\/div>\n\t\t\t\t<\/div>\n\t\t<div class=\"elementor-element elementor-element-b59cb2c e-con-full e-transform e-flex elementor-invisible e-con e-child\" data-id=\"b59cb2c\" data-element_type=\"container\" data-e-type=\"container\" id=\"c4\" data-settings=\"{&quot;jet_parallax_layout_list&quot;:[],&quot;background_background&quot;:&quot;classic&quot;,&quot;animation&quot;:&quot;fadeIn&quot;,&quot;_transform_scale_effect_hover&quot;:{&quot;unit&quot;:&quot;px&quot;,&quot;size&quot;:1.02,&quot;sizes&quot;:[]},&quot;animation_delay&quot;:300,&quot;_transform_scale_effect_hover_tablet&quot;:{&quot;unit&quot;:&quot;px&quot;,&quot;size&quot;:&quot;&quot;,&quot;sizes&quot;:[]},&quot;_transform_scale_effect_hover_mobile&quot;:{&quot;unit&quot;:&quot;px&quot;,&quot;size&quot;:&quot;&quot;,&quot;sizes&quot;:[]}}\">\n\t\t\t\t<div class=\"elementor-element elementor-element-5caa082 elementor-widget elementor-widget-heading\" data-id=\"5caa082\" data-element_type=\"widget\" data-e-type=\"widget\" data-widget_type=\"heading.default\">\n\t\t\t\t<div class=\"elementor-widget-container\">\n\t\t\t\t\t<h2 class=\"elementor-heading-title elementor-size-default\">Nuestra Visi\u00f3n<\/h2>\t\t\t\t<\/div>\n\t\t\t\t<\/div>\n\t\t\t\t<div class=\"elementor-element elementor-element-e27eaa1 elementor-widget elementor-widget-text-editor\" data-id=\"e27eaa1\" data-element_type=\"widget\" data-e-type=\"widget\" data-widget_type=\"text-editor.default\">\n\t\t\t\t<div class=\"elementor-widget-container\">\n\t\t\t\t\t\t\t\t\t<p>Creemos en una Europa donde las mujeres j\u00f3venes lideran el cambio, crean oportunidades y contribuyen activamente a sociedades m\u00e1s inclusivas y democr\u00e1ticas. Fortaleciendo las organizaciones juveniles, fomentando la cooperaci\u00f3n transfronteriza y empoderando a j\u00f3venes l\u00edderes, <strong>Leaders for Future<\/strong> contribuye al logro de los Objetivos de Desarrollo Sostenible y a la construcci\u00f3n de comunidades m\u00e1s justas y resilientes.<\/p>\t\t\t\t\t\t\t\t<\/div>\n\t\t\t\t<\/div>\n\t\t\t\t<\/div>\n\t\t<div class=\"elementor-element elementor-element-9fde808 e-con-full e-transform e-flex elementor-invisible e-con e-child\" data-id=\"9fde808\" data-element_type=\"container\" data-e-type=\"container\" id=\"c5\" data-settings=\"{&quot;jet_parallax_layout_list&quot;:[],&quot;animation&quot;:&quot;fadeIn&quot;,&quot;background_background&quot;:&quot;classic&quot;,&quot;_transform_scale_effect_hover&quot;:{&quot;unit&quot;:&quot;px&quot;,&quot;size&quot;:1.02,&quot;sizes&quot;:[]},&quot;animation_delay&quot;:400,&quot;_transform_scale_effect_hover_tablet&quot;:{&quot;unit&quot;:&quot;px&quot;,&quot;size&quot;:&quot;&quot;,&quot;sizes&quot;:[]},&quot;_transform_scale_effect_hover_mobile&quot;:{&quot;unit&quot;:&quot;px&quot;,&quot;size&quot;:&quot;&quot;,&quot;sizes&quot;:[]}}\">\n\t\t\t\t<div class=\"elementor-element elementor-element-97c7a35 animated-fast elementor-widget elementor-widget-heading\" data-id=\"97c7a35\" data-element_type=\"widget\" data-e-type=\"widget\" data-settings=\"{&quot;_animation&quot;:&quot;none&quot;}\" data-widget_type=\"heading.default\">\n\t\t\t\t<div class=\"elementor-widget-container\">\n\t\t\t\t\t<h2 class=\"elementor-heading-title elementor-size-default\">OBJETIVOS<\/h2>\t\t\t\t<\/div>\n\t\t\t\t<\/div>\n\t\t\t\t<div class=\"elementor-element elementor-element-06edba1 elementor-widget elementor-widget-text-editor\" data-id=\"06edba1\" data-element_type=\"widget\" data-e-type=\"widget\" data-widget_type=\"text-editor.default\">\n\t\t\t\t<div class=\"elementor-widget-container\">\n\t\t\t\t\t\t\t\t\t<p>El proyecto <em>Leaders for Future<\/em> tiene como objetivo empoderar a las organizaciones juveniles y a las mujeres j\u00f3venes a trav\u00e9s de los siguientes objetivos:<\/p><ul><li style=\"font-weight: 400;\" aria-level=\"1\"><span style=\"font-weight: 400;\"><strong>Reforzar la capacidad de las organizaciones juveniles que trabajan con j\u00f3venes<\/strong> fuera del sistema educativo formal, dot\u00e1ndolas de formaci\u00f3n especializada, herramientas y metodolog\u00edas para establecer puntos de apoyo que motiven y acompa\u00f1en a mujeres j\u00f3venes en su integraci\u00f3n social y profesional.<\/span><\/li><li style=\"font-weight: 400;\" aria-level=\"1\"><span style=\"font-weight: 400;\"><strong>Promover la educaci\u00f3n no formal y el aprendizaje a lo largo de la vida para mujeres j\u00f3venes,<\/strong> fomentando una mentalidad emprendedora y prepar\u00e1ndolas para participar activamente en la sociedad y el mercado laboral.<\/span><\/li><li style=\"font-weight: 400;\" aria-level=\"1\"><span style=\"font-weight: 400;\"><strong>Desarrollar capacidades de liderazgo y cambio, apoyando a nuevas l\u00edderes j\u00f3venes<\/strong>\u00a0\u2014especialmente mujeres\u2014 para que movilicen a m\u00e1s ciudadanos en iniciativas de desarrollo sostenible a nivel local y global.<\/span><\/li><li style=\"font-weight: 400;\" aria-level=\"1\"><span style=\"font-weight: 400;\"><strong>Identificar y abordar barreras psicol\u00f3gicas y de competencias que enfrentan las mujeres j\u00f3venes<\/strong> para acceder al emprendimiento y el liderazgo, desarrollando estrategias adaptadas para superarlas.<\/span><\/li><li style=\"font-weight: 400;\" aria-level=\"1\"><b>Fomentar la ciudadan\u00eda activa, la participaci\u00f3n juvenil y el emprendimiento juvenil <\/b>\u2014incluido el emprendimiento social\u2014 mediante entornos e iniciativas inclusivas que animen a las mujeres j\u00f3venes a tomar la iniciativa y liderar proyectos comunitarios.<\/li><li style=\"font-weight: 400;\" aria-level=\"1\"><strong>Promover la cooperaci\u00f3n internacional entre organizaciones juveniles de Europa, los Balcanes Occidentales y otras regiones,<\/strong> compartiendo buenas pr\u00e1cticas y desarrollando iniciativas conjuntas que promuevan la igualdad de g\u00e9nero y el desarrollo sostenible.<\/li><li aria-level=\"1\"><span style=\"font-weight: 400;\"><strong>Mejorar la empleabilidad y el potencial emprendedor de mujeres j\u00f3venes,<\/strong> especialmente aquellas en situaci\u00f3n de vulnerabilidad, mediante apoyo espec\u00edfico, mentor\u00eda y actividades de desarrollo de capacidades.<\/span><\/li><\/ul>\t\t\t\t\t\t\t\t<\/div>\n\t\t\t\t<\/div>\n\t\t\t\t<\/div>\n\t\t<div class=\"elementor-element elementor-element-e37c064 e-con-full e-transform e-flex elementor-invisible e-con e-child\" data-id=\"e37c064\" data-element_type=\"container\" data-e-type=\"container\" id=\"c6\" data-settings=\"{&quot;jet_parallax_layout_list&quot;:[],&quot;animation&quot;:&quot;fadeIn&quot;,&quot;background_background&quot;:&quot;classic&quot;,&quot;_transform_scale_effect_hover&quot;:{&quot;unit&quot;:&quot;px&quot;,&quot;size&quot;:1.02,&quot;sizes&quot;:[]},&quot;animation_delay&quot;:400,&quot;_transform_scale_effect_hover_tablet&quot;:{&quot;unit&quot;:&quot;px&quot;,&quot;size&quot;:&quot;&quot;,&quot;sizes&quot;:[]},&quot;_transform_scale_effect_hover_mobile&quot;:{&quot;unit&quot;:&quot;px&quot;,&quot;size&quot;:&quot;&quot;,&quot;sizes&quot;:[]}}\">\n\t\t\t\t<div class=\"elementor-element elementor-element-21df237 animated-fast elementor-widget elementor-widget-heading\" data-id=\"21df237\" data-element_type=\"widget\" data-e-type=\"widget\" data-settings=\"{&quot;_animation&quot;:&quot;none&quot;}\" data-widget_type=\"heading.default\">\n\t\t\t\t<div class=\"elementor-widget-container\">\n\t\t\t\t\t<h2 class=\"elementor-heading-title elementor-size-default\">Participa<\/h2>\t\t\t\t<\/div>\n\t\t\t\t<\/div>\n\t\t\t\t<div class=\"elementor-element elementor-element-f0126e6 animated-fast elementor-widget elementor-widget-text-editor\" data-id=\"f0126e6\" data-element_type=\"widget\" data-e-type=\"widget\" data-settings=\"{&quot;_animation&quot;:&quot;none&quot;,&quot;_animation_delay&quot;:200}\" data-widget_type=\"text-editor.default\">\n\t\t\t\t<div class=\"elementor-widget-container\">\n\t\t\t\t\t\t\t\t\t<ul><li>\u00bfEres una mujer joven lista para construir su futuro?<\/li><li>\u00bfEres un\/a trabajador\/a juvenil comprometido\/a con el cambio?<\/li><li>\u00bfFormas parte de una organizaci\u00f3n apasionada por la inclusi\u00f3n y la igualdad de g\u00e9nero?<\/li><\/ul><p>\u00danete a <strong>Leaders for Future<\/strong> para acceder a recursos, formaci\u00f3n, eventos y una red europea activa que trabaja por el cambio.<\/p>\t\t\t\t\t\t\t\t<\/div>\n\t\t\t\t<\/div>\n\t\t\t\t<\/div>\n\t\t<div class=\"elementor-element elementor-element-61c7f00 e-con-full e-transform e-flex elementor-invisible e-con e-child\" data-id=\"61c7f00\" data-element_type=\"container\" data-e-type=\"container\" id=\"c7\" data-settings=\"{&quot;jet_parallax_layout_list&quot;:[],&quot;animation&quot;:&quot;fadeIn&quot;,&quot;background_background&quot;:&quot;classic&quot;,&quot;_transform_scale_effect_hover&quot;:{&quot;unit&quot;:&quot;px&quot;,&quot;size&quot;:1.02,&quot;sizes&quot;:[]},&quot;animation_delay&quot;:500,&quot;_transform_scale_effect_hover_tablet&quot;:{&quot;unit&quot;:&quot;px&quot;,&quot;size&quot;:&quot;&quot;,&quot;sizes&quot;:[]},&quot;_transform_scale_effect_hover_mobile&quot;:{&quot;unit&quot;:&quot;px&quot;,&quot;size&quot;:&quot;&quot;,&quot;sizes&quot;:[]}}\">\n\t\t\t\t<div class=\"elementor-element elementor-element-2625f49 animated-fast elementor-widget elementor-widget-heading\" data-id=\"2625f49\" data-element_type=\"widget\" data-e-type=\"widget\" data-settings=\"{&quot;_animation&quot;:&quot;none&quot;}\" data-widget_type=\"heading.default\">\n\t\t\t\t<div class=\"elementor-widget-container\">\n\t\t\t\t\t<h2 class=\"elementor-heading-title elementor-size-default\">GRUPO OBJETIVO<\/h2>\t\t\t\t<\/div>\n\t\t\t\t<\/div>\n\t\t\t\t<div class=\"elementor-element elementor-element-86645b8 elementor-widget__width-inherit elementor-widget elementor-widget-eael-adv-accordion\" data-id=\"86645b8\" data-element_type=\"widget\" data-e-type=\"widget\" data-widget_type=\"eael-adv-accordion.default\">\n\t\t\t\t<div class=\"elementor-widget-container\">\n\t\t\t\t\t            <div class=\"eael-adv-accordion\" id=\"eael-adv-accordion-86645b8\" data-scroll-on-click=\"\" data-scroll-speed=\"300\" data-accordion-id=\"86645b8\" data-accordion-type=\"accordion\" data-toogle-speed=\"300\">\n            <div class=\"eael-accordion-list\">\n\t\t\t\t\t<div id=\"grupo-objetivo-principal\" class=\"elementor-tab-title eael-accordion-header\" tabindex=\"0\" data-tab=\"1\" aria-controls=\"elementor-tab-content-1401\"><span class=\"eael-advanced-accordion-icon-closed\"><svg aria-hidden=\"true\" class=\"fa-accordion-icon e-font-icon-svg e-fas-plus\" viewBox=\"0 0 448 512\" xmlns=\"http:\/\/www.w3.org\/2000\/svg\"><path d=\"M416 208H272V64c0-17.67-14.33-32-32-32h-32c-17.67 0-32 14.33-32 32v144H32c-17.67 0-32 14.33-32 32v32c0 17.67 14.33 32 32 32h144v144c0 17.67 14.33 32 32 32h32c17.67 0 32-14.33 32-32V304h144c17.67 0 32-14.33 32-32v-32c0-17.67-14.33-32-32-32z\"><\/path><\/svg><\/span><span class=\"eael-advanced-accordion-icon-opened\"><svg aria-hidden=\"true\" class=\"fa-accordion-icon e-font-icon-svg e-fas-minus\" viewBox=\"0 0 448 512\" xmlns=\"http:\/\/www.w3.org\/2000\/svg\"><path d=\"M416 208H32c-17.67 0-32 14.33-32 32v32c0 17.67 14.33 32 32 32h384c17.67 0 32-14.33 32-32v-32c0-17.67-14.33-32-32-32z\"><\/path><\/svg><\/span><span class=\"eael-accordion-tab-title\">Grupo objetivo principal<\/span><svg aria-hidden=\"true\" class=\"fa-toggle e-font-icon-svg e-fas-angle-right\" viewBox=\"0 0 256 512\" xmlns=\"http:\/\/www.w3.org\/2000\/svg\"><path d=\"M224.3 273l-136 136c-9.4 9.4-24.6 9.4-33.9 0l-22.6-22.6c-9.4-9.4-9.4-24.6 0-33.9l96.4-96.4-96.4-96.4c-9.4-9.4-9.4-24.6 0-33.9L54.3 103c9.4-9.4 24.6-9.4 33.9 0l136 136c9.5 9.4 9.5 24.6.1 34z\"><\/path><\/svg><\/div><div id=\"elementor-tab-content-1401\" class=\"eael-accordion-content clearfix\" data-tab=\"1\" aria-labelledby=\"grupo-objetivo-principal\"><ul><li><strong>Mujeres j\u00f3venes (de 18 a 30 a\u00f1os),<\/strong> especialmente aquellas con antecedentes migratorios, en situaci\u00f3n de desempleo, que buscan mejorar sus condiciones laborales, o mujeres con menos oportunidades o procedentes de contextos desfavorecidos.<\/li><li style=\"font-weight: 400\"><strong>Trabajadores\/as juveniles, trabajadores\/as sociales, formadores\/as y educadores\/as<\/strong> que trabajan directamente con j\u00f3venes en las comunidades asociadas y que necesitan herramientas y formaci\u00f3n para apoyar a mujeres j\u00f3venes emprendedoras.<\/li><\/ul><\/div>\n\t\t\t\t\t<\/div><div class=\"eael-accordion-list\">\n\t\t\t\t\t<div id=\"grupo-objetivo-secundario\" class=\"elementor-tab-title eael-accordion-header\" tabindex=\"0\" data-tab=\"2\" aria-controls=\"elementor-tab-content-1402\"><span class=\"eael-advanced-accordion-icon-closed\"><svg aria-hidden=\"true\" class=\"fa-accordion-icon e-font-icon-svg e-fas-plus\" viewBox=\"0 0 448 512\" xmlns=\"http:\/\/www.w3.org\/2000\/svg\"><path d=\"M416 208H272V64c0-17.67-14.33-32-32-32h-32c-17.67 0-32 14.33-32 32v144H32c-17.67 0-32 14.33-32 32v32c0 17.67 14.33 32 32 32h144v144c0 17.67 14.33 32 32 32h32c17.67 0 32-14.33 32-32V304h144c17.67 0 32-14.33 32-32v-32c0-17.67-14.33-32-32-32z\"><\/path><\/svg><\/span><span class=\"eael-advanced-accordion-icon-opened\"><svg aria-hidden=\"true\" class=\"fa-accordion-icon e-font-icon-svg e-fas-minus\" viewBox=\"0 0 448 512\" xmlns=\"http:\/\/www.w3.org\/2000\/svg\"><path d=\"M416 208H32c-17.67 0-32 14.33-32 32v32c0 17.67 14.33 32 32 32h384c17.67 0 32-14.33 32-32v-32c0-17.67-14.33-32-32-32z\"><\/path><\/svg><\/span><span class=\"eael-accordion-tab-title\">Grupo objetivo secundario<\/span><svg aria-hidden=\"true\" class=\"fa-toggle e-font-icon-svg e-fas-angle-right\" viewBox=\"0 0 256 512\" xmlns=\"http:\/\/www.w3.org\/2000\/svg\"><path d=\"M224.3 273l-136 136c-9.4 9.4-24.6 9.4-33.9 0l-22.6-22.6c-9.4-9.4-9.4-24.6 0-33.9l96.4-96.4-96.4-96.4c-9.4-9.4-9.4-24.6 0-33.9L54.3 103c9.4-9.4 24.6-9.4 33.9 0l136 136c9.5 9.4 9.5 24.6.1 34z\"><\/path><\/svg><\/div><div id=\"elementor-tab-content-1402\" class=\"eael-accordion-content clearfix\" data-tab=\"2\" aria-labelledby=\"grupo-objetivo-secundario\"><ul><li style=\"font-weight: 400\"><span style=\"font-weight: 400\"><strong>Actores de la sociedad civil,<\/strong> incluidas asociaciones que trabajan con mujeres o j\u00f3venes, docentes y educadores\/as de adultos, as\u00ed como autoridades p\u00fablicas y responsables pol\u00edticos que trabajan en temas de juventud y g\u00e9nero.<\/span><\/li><li style=\"font-weight: 400\"><strong>Actores del \u00e1mbito empresarial y del empleo,<\/strong> como pymes locales y emprendedores\/as, c\u00e1maras de comercio y servicios de apoyo al empleo.<\/li><li><strong>P\u00fablico general.<\/strong><\/li><\/ul><\/div>\n\t\t\t\t\t<\/div><\/div>\t\t\t\t<\/div>\n\t\t\t\t<\/div>\n\t\t\t\t<\/div>\n\t\t\t\t<div class=\"elementor-element elementor-element-34e72f6 elementor-widget elementor-widget-html\" data-id=\"34e72f6\" data-element_type=\"widget\" data-e-type=\"widget\" data-widget_type=\"html.default\">\n\t\t\t\t<div class=\"elementor-widget-container\">\n\t\t\t\t\t<script>\n    document.addEventListener('DOMContentLoaded', ()=>{\n        \n    \n    const container = document.querySelector('#container');\n    const c1 = document.querySelector('#c1');\n    const c2 = document.querySelector('#c2');\n    const c3 = document.querySelector('#c3');\n    const c4 = document.querySelector('#c4');\n    const c5 = document.querySelector('#c5');\n    const c6 = document.querySelector('#c6');\n    const c7 = document.querySelector('#c7');\n    \n    c1.addEventListener('mouseover', function(){\n        container.style.backgroundColor = '#D7CDFF';\n    });\n    c1.addEventListener('mouseout', function(){\n        container.style.backgroundColor = '#EAEAEA';\n    });\n    \n        c2.addEventListener('mouseover', function(){\n        container.style.backgroundColor = '#B9EBFF';\n    });\n    c2.addEventListener('mouseout', function(){\n        container.style.backgroundColor = '#EAEAEA';\n    });\n    \n        c3.addEventListener('mouseover', function(){\n        container.style.backgroundColor = '#FFB9E4';\n    });\n    c3.addEventListener('mouseout', function(){\n        container.style.backgroundColor = '#EAEAEA';\n    });\n    \n        c4.addEventListener('mouseover', function(){\n        container.style.backgroundColor = '#FFF4BC';\n    });\n    c4.addEventListener('mouseout', function(){\n        container.style.backgroundColor = '#EAEAEA';\n    });\n    \n        c5.addEventListener('mouseover', function(){\n        container.style.backgroundColor = '#D7CDFF';\n    });\n    c5.addEventListener('mouseout', function(){\n        container.style.backgroundColor = '#EAEAEA';\n    });\n    \n        c6.addEventListener('mouseover', function(){\n        container.style.backgroundColor = '#B9EBFF';\n    });\n    c6.addEventListener('mouseout', function(){\n        container.style.backgroundColor = '#EAEAEA';\n    });\n    \n        c7.addEventListener('mouseover', function(){\n        container.style.backgroundColor = '#FFB9E4';\n    });\n    c7.addEventListener('mouseout', function(){\n        container.style.backgroundColor = '#EAEAEA';\n    });\n    \n    });\n<\/script>\t\t\t\t<\/div>\n\t\t\t\t<\/div>\n\t\t\t\t\t<\/div>\n\t\t\t\t<\/div>\n\t\t\t\t<\/div>\n\t\t","protected":false},"excerpt":{"rendered":"<p>Empoderando a mujeres j\u00f3venes. Construyendo comunidades inclusivas Leaders for Future es una iniciativa transnacional cofinanciada por la Uni\u00f3n Europea a [&hellip;]<\/p>\n","protected":false},"author":1,"featured_media":0,"parent":0,"menu_order":0,"comment_status":"closed","ping_status":"closed","template":"","meta":{"site-sidebar-layout":"no-sidebar","site-content-layout":"","ast-site-content-layout":"full-width-container","site-content-style":"default","site-sidebar-style":"default","ast-global-header-display":"","ast-banner-title-visibility":"","ast-main-header-display":"","ast-hfb-above-header-display":"","ast-hfb-below-header-display":"","ast-hfb-mobile-header-display":"","site-post-title":"disabled","ast-breadcrumbs-content":"","ast-featured-img":"disabled","footer-sml-layout":"","ast-disable-related-posts":"","theme-transparent-header-meta":"default","adv-header-id-meta":"","stick-header-meta":"","header-above-stick-meta":"","header-main-stick-meta":"","header-below-stick-meta":"","astra-migrate-meta-layouts":"set","ast-page-background-enabled":"default","ast-page-background-meta":{"desktop":{"background-color":"var(--ast-global-color-5)","background-image":"","background-repeat":"repeat","background-position":"center center","background-size":"auto","background-attachment":"scroll","background-type":"","background-media":"","overlay-type":"","overlay-color":"","overlay-opacity":"","overlay-gradient":""},"tablet":{"background-color":"","background-image":"","background-repeat":"repeat","background-position":"center center","background-size":"auto","background-attachment":"scroll","background-type":"","background-media":"","overlay-type":"","overlay-color":"","overlay-opacity":"","overlay-gradient":""},"mobile":{"background-color":"","background-image":"","background-repeat":"repeat","background-position":"center center","background-size":"auto","background-attachment":"scroll","background-type":"","background-media":"","overlay-type":"","overlay-color":"","overlay-opacity":"","overlay-gradient":""}},"ast-content-background-meta":{"desktop":{"background-color":"var(--ast-global-color-4)","background-image":"","background-repeat":"repeat","background-position":"center center","background-size":"auto","background-attachment":"scroll","background-type":"","background-media":"","overlay-type":"","overlay-color":"","overlay-opacity":"","overlay-gradient":""},"tablet":{"background-color":"var(--ast-global-color-4)","background-image":"","background-repeat":"repeat","background-position":"center center","background-size":"auto","background-attachment":"scroll","background-type":"","background-media":"","overlay-type":"","overlay-color":"","overlay-opacity":"","overlay-gradient":""},"mobile":{"background-color":"var(--ast-global-color-4)","background-image":"","background-repeat":"repeat","background-position":"center center","background-size":"auto","background-attachment":"scroll","background-type":"","background-media":"","overlay-type":"","overlay-color":"","overlay-opacity":"","overlay-gradient":""}},"footnotes":""},"class_list":["post-4588","page","type-page","status-publish","hentry"],"_links":{"self":[{"href":"https:\/\/leaders4future.eu\/es\/wp-json\/wp\/v2\/pages\/4588","targetHints":{"allow":["GET"]}}],"collection":[{"href":"https:\/\/leaders4future.eu\/es\/wp-json\/wp\/v2\/pages"}],"about":[{"href":"https:\/\/leaders4future.eu\/es\/wp-json\/wp\/v2\/types\/page"}],"author":[{"embeddable":true,"href":"https:\/\/leaders4future.eu\/es\/wp-json\/wp\/v2\/users\/1"}],"replies":[{"embeddable":true,"href":"https:\/\/leaders4future.eu\/es\/wp-json\/wp\/v2\/comments?post=4588"}],"version-history":[{"count":25,"href":"https:\/\/leaders4future.eu\/es\/wp-json\/wp\/v2\/pages\/4588\/revisions"}],"predecessor-version":[{"id":5258,"href":"https:\/\/leaders4future.eu\/es\/wp-json\/wp\/v2\/pages\/4588\/revisions\/5258"}],"wp:attachment":[{"href":"https:\/\/leaders4future.eu\/es\/wp-json\/wp\/v2\/media?parent=4588"}],"curies":[{"name":"wp","href":"https:\/\/api.w.org\/{rel}","templated":true}]}}